{"id":59,"date":"2025-03-29T20:49:19","date_gmt":"2025-03-29T19:49:19","guid":{"rendered":"https:\/\/wpms.plastoplan.com\/graesslin\/?page_id=59"},"modified":"2025-05-21T08:31:30","modified_gmt":"2025-05-21T06:31:30","slug":"news","status":"publish","type":"page","link":"https:\/\/www.graesslin-kunststoffe.de\/news\/","title":{"rendered":"News"},"content":{"rendered":"\n<div class=\"wp-block-group alignwide has-global-padding is-layout-constrained wp-block-group-is-layout-constrained gs_sbKoM6 group_wrap\">\n<div class=\"wp-block-query alignwide is-layout-flow wp-block-query-is-layout-flow\"><div id='post-results-69afcf0250166'  class=\"greyd-posts-slider wp-block-post-template js\" data-currentpage=\"1\" data-query-id=\"3\" data-height=\"max\" data-block-data=\"eyJibG9ja05hbWUiOiJjb3JlXC9wb3N0LXRlbXBsYXRlIiwiYXR0cnMiOnsiY2xhc3NOYW1lIjoiIiwic3R5bGUiOnsic3BhY2luZyI6eyJibG9ja0dhcCI6InZhcjpwcmVzZXR8c3BhY2luZ3x0aW55In19LCJsYXlvdXQiOnsidHlwZSI6ImdyaWQiLCJjb2x1bW5Db3VudCI6MywiaXRlbXMiOiI5IiwicmVzcG9uc2l2ZSI6eyJtZCI6eyJpdGVtcyI6IjYiLCJjb2x1bW5Db3VudCI6Mn0sInNtIjp7Iml0ZW1zIjoiNiIsImNvbHVtbkNvdW50IjoxfSwibGciOnsiaXRlbXMiOiI2IiwiY29sdW1uQ291bnQiOjJ9fX0sInBhZ2luYXRpb24iOnsiZW5hYmxlIjp0cnVlLCJwb3NpdGlvbiI6ImJvdHRvbSIsIm92ZXJsYXAiOmZhbHNlLCJ0eXBlIjoiaWNvbiIsInRleHRfdHlwZSI6IiIsImljb25fdHlwZSI6Imljb24iLCJpY29uX25vcm1hbCI6Imljb25fc3RvcCIsImljb25fYWN0aXZlIjoiaWNvbl9ib3gtZW1wdHkiLCJpbWdfbm9ybWFsIjotMSwiaW1nX2FjdGl2ZSI6LTEsImFycm93c190eXBlIjoiIiwiaWNvbl9wcmV2aW91cyI6ImFycm93X2xlZnQiLCJpY29uX25leHQiOiJhcnJvd19yaWdodCIsImltZ19wcmV2aW91cyI6LTEsImltZ19uZXh0IjotMSwiZ3JleWRDbGFzcyI6ImdzX2lpOWNFSyIsImdyZXlkU3R5bGVzIjp7Imp1c3RpZnlDb250ZW50IjoiY2VudGVyIiwiY29sb3IiOiJ2YXIoLS13cC0tcHJlc2V0LS1jb2xvci0tcHJpbWFyeSkiLCJvcGFjaXR5IjoiMTAwJSIsImZvbnRTaXplIjoiIiwicGFkZGluZyI6eyJ0b3AiOiIiLCJyaWdodCI6IiIsImJvdHRvbSI6IiIsImxlZnQiOiIifSwiZ3V0dGVyIjoiIn19LCJ2YXJpYXRpb24iOiJzbGlkZXIiLCJxdWVyeVRhZ3MiOnsicXVlcnkiOiI8c3BhbiBjbGFzcz0ncXVlcnktLXNlYXJjaC1xdWVyeSc+PFwvc3Bhbj4iLCJmaWx0ZXIiOiJCZWl0cmFnc3R5cDogQmVpdHJcdTAwZTRnZSIsInBvc3QtdHlwZSI6IkJlaXRyXHUwMGU0Z2UiLCJjYXRlZ29yeSI6ImFsbGUiLCJ0YWciOiJhbGxlIiwicG9zdC1jb3VudCI6IjxzcGFuIGNsYXNzPSdxdWVyeS0tZm91bmQtcG9zdHMnPjM1PFwvc3Bhbj4iLCJwb3N0cy1wZXItcGFnZSI6OSwicGFnZS1jb3VudCI6NCwicGFnZS1udW0iOjEsInBhZ2UtbmV4dCI6IiIsInBhZ2UtcHJldmlvdXMiOiIiLCJwYWdlLWtleSI6IiJ9LCJxdWVyeSI6eyJxdWVyeUlkIjozLCJxdWVyeSI6eyJpbmhlcml0IjpmYWxzZSwicGVyUGFnZSI6OSwicG9zdFR5cGUiOiJwb3N0IiwicGFnZXMiOjAsIm9mZnNldCI6MCwib3JkZXIiOiJkZXNjIiwib3JkZXJCeSI6ImRhdGUiLCJhdXRob3IiOiIiLCJzZWFyY2giOiIiLCJleGNsdWRlIjpbXSwic3RpY2t5IjoiIn0sImFsaWduIjoid2lkZSIsImNsYXNzTmFtZSI6IiIsImFuY2hvciI6InBvc3QtcmVzdWx0cy02OWFmY2YwMjUwMTY2In19LCJpbm5lckJsb2NrcyI6W3siYmxvY2tOYW1lIjoiZ3JleWRcL2R5bmFtaWMiLCJhdHRycyI6eyJ0ZW1wbGF0ZSI6IjEzNzIiLCJkeW5hbWljX2NvbnRlbnQiOlt7ImRrZXkiOiJjb250ZW50IiwiZHR5cGUiOiJ0ZXh0YXJlYSIsImR0aXRsZSI6IkJlaXRyYWdzdGl0ZWwiLCJkdmFsdWUiOiIlM0NzcGFuJTIwZGF0YS10YWclM0QlMjJ0aXRsZSUyMiUyMGRhdGEtcGFyYW1zJTNEJTIyJTI2cXVvdCUzQiUyNnF1b3QlM0IlMjIlMjBjbGFzcyUzRCUyMmlzLXRhZyUyMiUzRUJlaXRyYWdzdGl0ZWwlM0MlMkZzcGFuJTNFIn0seyJka2V5IjoiY29udGVudCIsImR0eXBlIjoidGV4dGFyZWFfaHRtbCIsImR0aXRsZSI6Ik1ldGEgSW5mb3JtYXRpb25lbiIsImR2YWx1ZSI6IiUzQ3NwYW4lMjBkYXRhLXRhZyUzRCUyMmRhdGUlMjIlMjBkYXRhLXBhcmFtcyUzRCUyMiUyNnF1b3QlM0IlMjZxdW90JTNCJTIyJTIwY2xhc3MlM0QlMjJpcy10YWclMjIlM0VCZWl0cmFnc2RhdHVtJTNDJTJGc3BhbiUzRSJ9LHsiZGtleSI6ImlkIiwiZHR5cGUiOiJmaWxlX3BpY2tlcl9pbWFnZSIsImR0aXRsZSI6IkJlaXRyYWdzYmlsZCIsImR2YWx1ZSI6Il9pbWFnZV8ifV0sImNsYXNzTmFtZSI6IiIsInF1ZXJ5VGFncyI6eyJxdWVyeSI6IjxzcGFuIGNsYXNzPSdxdWVyeS0tc2VhcmNoLXF1ZXJ5Jz48XC9zcGFuPiIsImZpbHRlciI6IkJlaXRyYWdzdHlwOiBCZWl0clx1MDBlNGdlIiwicG9zdC10eXBlIjoiQmVpdHJcdTAwZTRnZSIsImNhdGVnb3J5IjoiYWxsZSIsInRhZyI6ImFsbGUiLCJwb3N0LWNvdW50IjoiPHNwYW4gY2xhc3M9J3F1ZXJ5LS1mb3VuZC1wb3N0cyc+MzU8XC9zcGFuPiIsInBvc3RzLXBlci1wYWdlIjo5LCJwYWdlLWNvdW50Ijo0LCJwYWdlLW51bSI6MSwicGFnZS1uZXh0IjoiIiwicGFnZS1wcmV2aW91cyI6IiIsInBhZ2Uta2V5IjoiIn19LCJpbm5lckJsb2NrcyI6W10sImlubmVySFRNTCI6IiIsImlubmVyQ29udGVudCI6W119XSwiaW5uZXJIVE1MIjoiXG5cbiIsImlubmVyQ29udGVudCI6WyJcbiIsbnVsbCwiXG4iXX0=\" data-perPage=\"{&quot;initial&quot;:&quot;xl&quot;,&quot;current&quot;:9,&quot;items&quot;:{&quot;sm&quot;:6,&quot;md&quot;:6,&quot;lg&quot;:6,&quot;xl&quot;:9},&quot;breakpoints&quot;:{&quot;sm&quot;:576,&quot;md&quot;:1225,&quot;lg&quot;:1250,&quot;xl&quot;:1621,&quot;vc_sm&quot;:576,&quot;vc_md&quot;:1225,&quot;vc_lg&quot;:1250}}\" live-query=\"true\" aria-live=\"polite\" role=\"region\"><div class='query-pages-wrapper' data-ppp='9'><div class='query-page is-current' data-page='1'><article class='query-post wp-block-post post-7315 post type-post status-publish format-standard has-post-thumbnail hentry category-allgemein' data-post='7315'data-title='strkung des vielfltigen produktportfolios um innovative und nachhaltige polyolefinlsungen'data-date='2026-02-23 16:28:20'data-postviews='0'data-index='1'>\n<div class=\"wp-block-group blog-cards-container has-global-padding is-layout-constrained wp-container-core-group-is-layout-f5f3bcb8 wp-block-group-is-layout-constrained gs_LNtDUO has-trigger group_wrap\"><a class=\"hidden-trigger-link\"  href=\"https:\/\/www.graesslin-kunststoffe.de\/borealis-polyolefine\/\" title=\"St\u00e4rkung des vielf\u00e4ltigen Produktportfolios um innovative und nachhaltige Polyolefinl\u00f6sungen\"><\/a>\n<div id=\"greyd-69afcf0254833\" class=\"wp-block-greyd-box gs_F2LsJ2 greyd-content-box gs_F2LsJ2 flex-justify-space-between\">\n<div id=\"greyd-69afcf0253fe4\" class=\"wp-block-greyd-box dyn gs_E6ZZgU greyd-content-box gs_E6ZZgU has-background\"><div id='bg_69afcf0253cb6' class='greyd-background'>\n\t\t\t\t\t\t\t\t<div class='bg_image'  data-srcset='{\"150\":\"https:\\\/\\\/www.graesslin-kunststoffe.de\\\/wp-content\\\/uploads\\\/sites\\\/5\\\/2026\\\/02\\\/Borelis_web-150x150.jpg\",\"300\":\"https:\\\/\\\/www.graesslin-kunststoffe.de\\\/wp-content\\\/uploads\\\/sites\\\/5\\\/2026\\\/02\\\/Borelis_web-300x225.jpg\",\"768\":\"https:\\\/\\\/www.graesslin-kunststoffe.de\\\/wp-content\\\/uploads\\\/sites\\\/5\\\/2026\\\/02\\\/Borelis_web-768x576.jpg\",\"1024\":\"https:\\\/\\\/www.graesslin-kunststoffe.de\\\/wp-content\\\/uploads\\\/sites\\\/5\\\/2026\\\/02\\\/Borelis_web-1024x768.jpg\",\"1536\":\"https:\\\/\\\/www.graesslin-kunststoffe.de\\\/wp-content\\\/uploads\\\/sites\\\/5\\\/2026\\\/02\\\/Borelis_web-1536x1152.jpg\",\"full\":\"https:\\\/\\\/www.graesslin-kunststoffe.de\\\/wp-content\\\/uploads\\\/sites\\\/5\\\/2026\\\/02\\\/Borelis_web.jpg\"}'><\/div>\n\t\t\t\t\t\t\t\t\n\t\t\t\t\t\t\t\t\n\t\t\t\t\t\t\t\t\n\t\t\t\t\t\t\t<\/div><\/div>\n\n\n\n<div class=\"wp-block-greyd-box aligncenter gs_gAETHe greyd-content-box gs_gAETHe flex-justify-center  is-position-absolute\"  data-anim-action=\"fadeIn\" data-anim-event=\"parentHover\" data-anim-triggered=\"false\" data-anim-from=\"opacity: 0;\" data-anim-to=\"opacity: 1;\" data-anim-parent=\".blog-cards-container\">\n<div class=\"wp-block-greyd-buttons aligncenter button-ohne-text\">\n<a  href=\"https:\/\/www.graesslin-kunststoffe.de\/borealis-polyolefine\/\" title=\"St\u00e4rkung des vielf\u00e4ltigen Produktportfolios um innovative und nachhaltige Polyolefinl\u00f6sungen\" class=\"button  gs_hHARZp \"  data-anim-action=\"scale\" data-anim-event=\"parentHover\" data-anim-triggered=\"false\" data-anim-from=\"transform: scale(0.9);transform-origin: center center;\" data-anim-to=\"transform: scale(1);\" data-anim-id=\"anim-69afcf0254211\" data-anim-parent=\".blog-cards-container\"><span style=\"flex:1\"><\/span><span class=\"arrow_carrot-right\" style=\"vertical-align:middle;font-size:100%;margin-left:10px\" aria-hidden=\"true\"><\/span><\/a><style class=\"greyd-styles\">.gs_hHARZp { background: #ed7e00c4 !important; border-radius: 50px !important; border-top: 0px none var(--wp--preset--color--foreground) !important; border-right: 0px none var(--wp--preset--color--foreground) !important; border-bottom: 0px none var(--wp--preset--color--foreground) !important; border-left: 0px none var(--wp--preset--color--foreground) !important; padding-top: var(--wp--preset--spacing--small) !important; padding-right: var(--wp--preset--spacing--small) !important; padding-bottom: var(--wp--preset--spacing--small) !important; padding-left: var(--wp--preset--spacing--small) !important; } <\/style>\n<\/div>\n<\/div>\n<\/div>\n\n\n\n<div class=\"wp-block-group has-global-padding is-layout-constrained wp-container-core-group-is-layout-19e250f3 wp-block-group-is-layout-constrained\">\n<h3 class=\"wp-block-heading dyn\" style=\"text-transform:none\"><span data-tag=\"title\" data-params=\"&quot;&quot;\" class=\"is-tag\">Beitragstitel<\/span><\/h3>\n\n\n\n<p class=\"dyn\"><span data-tag=\"date\" data-params=\"&quot;&quot;\" class=\"is-tag\">Beitragsdatum<\/span><\/p>\n<\/div>\n\n\n<div class=\"wp-block-post-excerpt\"><p class=\"wp-block-post-excerpt__excerpt\">Gr\u00e4sslin Kunststoffe jetzt offizieller Distributor f\u00fcr Borealis \u2013 mit neuem&hellip; <\/p><\/div><\/div>\n<\/article><article class='query-post wp-block-post post-7284 post type-post status-publish format-standard has-post-thumbnail hentry category-allgemein' data-post='7284'data-title='strategische partnerschaft fr tpv'data-date='2026-02-06 12:05:03'data-postviews='0'data-index='2'>\n<div class=\"wp-block-group blog-cards-container has-global-padding is-layout-constrained wp-container-core-group-is-layout-f5f3bcb8 wp-block-group-is-layout-constrained gs_LNtDUO has-trigger group_wrap\"><a class=\"hidden-trigger-link\"  href=\"https:\/\/www.graesslin-kunststoffe.de\/strategische-partnerschaft-fuer-tpv\/\" title=\"Strategische Partnerschaft f\u00fcr TPV\"><\/a>\n<div id=\"greyd-69afcf02556c0\" class=\"wp-block-greyd-box gs_F2LsJ2 greyd-content-box gs_F2LsJ2 flex-justify-space-between\">\n<div id=\"greyd-69afcf0255498\" class=\"wp-block-greyd-box dyn gs_E6ZZgU greyd-content-box gs_E6ZZgU has-background\"><div id='bg_69afcf0255082' class='greyd-background'>\n\t\t\t\t\t\t\t\t<div class='bg_image'  data-srcset='{\"150\":\"https:\\\/\\\/www.graesslin-kunststoffe.de\\\/wp-content\\\/uploads\\\/sites\\\/5\\\/2026\\\/02\\\/Elastron_Bike_\\u00a9Elastron-150x150.jpg\",\"300\":\"https:\\\/\\\/www.graesslin-kunststoffe.de\\\/wp-content\\\/uploads\\\/sites\\\/5\\\/2026\\\/02\\\/Elastron_Bike_\\u00a9Elastron-300x257.jpg\",\"768\":\"https:\\\/\\\/www.graesslin-kunststoffe.de\\\/wp-content\\\/uploads\\\/sites\\\/5\\\/2026\\\/02\\\/Elastron_Bike_\\u00a9Elastron-768x657.jpg\",\"1024\":\"https:\\\/\\\/www.graesslin-kunststoffe.de\\\/wp-content\\\/uploads\\\/sites\\\/5\\\/2026\\\/02\\\/Elastron_Bike_\\u00a9Elastron-1024x876.jpg\",\"full\":\"https:\\\/\\\/www.graesslin-kunststoffe.de\\\/wp-content\\\/uploads\\\/sites\\\/5\\\/2026\\\/02\\\/Elastron_Bike_\\u00a9Elastron.jpg\"}'><\/div>\n\t\t\t\t\t\t\t\t\n\t\t\t\t\t\t\t\t\n\t\t\t\t\t\t\t\t\n\t\t\t\t\t\t\t<\/div><\/div>\n\n\n\n<div class=\"wp-block-greyd-box aligncenter gs_gAETHe greyd-content-box gs_gAETHe flex-justify-center  is-position-absolute\"  data-anim-action=\"fadeIn\" data-anim-event=\"parentHover\" data-anim-triggered=\"false\" data-anim-from=\"opacity: 0;\" data-anim-to=\"opacity: 1;\" data-anim-parent=\".blog-cards-container\">\n<div class=\"wp-block-greyd-buttons aligncenter button-ohne-text\">\n<a  href=\"https:\/\/www.graesslin-kunststoffe.de\/strategische-partnerschaft-fuer-tpv\/\" title=\"Strategische Partnerschaft f\u00fcr TPV\" class=\"button  gs_hHARZp \"  data-anim-action=\"scale\" data-anim-event=\"parentHover\" data-anim-triggered=\"false\" data-anim-from=\"transform: scale(0.9);transform-origin: center center;\" data-anim-to=\"transform: scale(1);\" data-anim-id=\"anim-69afcf025565b\" data-anim-parent=\".blog-cards-container\"><span style=\"flex:1\"><\/span><span class=\"arrow_carrot-right\" style=\"vertical-align:middle;font-size:100%;margin-left:10px\" aria-hidden=\"true\"><\/span><\/a><style class=\"greyd-styles\">.gs_hHARZp { background: #ed7e00c4 !important; border-radius: 50px !important; border-top: 0px none var(--wp--preset--color--foreground) !important; border-right: 0px none var(--wp--preset--color--foreground) !important; border-bottom: 0px none var(--wp--preset--color--foreground) !important; border-left: 0px none var(--wp--preset--color--foreground) !important; padding-top: var(--wp--preset--spacing--small) !important; padding-right: var(--wp--preset--spacing--small) !important; padding-bottom: var(--wp--preset--spacing--small) !important; padding-left: var(--wp--preset--spacing--small) !important; } <\/style>\n<\/div>\n<\/div>\n<\/div>\n\n\n\n<div class=\"wp-block-group has-global-padding is-layout-constrained wp-container-core-group-is-layout-19e250f3 wp-block-group-is-layout-constrained\">\n<h3 class=\"wp-block-heading dyn\" style=\"text-transform:none\"><span data-tag=\"title\" data-params=\"&quot;&quot;\" class=\"is-tag\">Beitragstitel<\/span><\/h3>\n\n\n\n<p class=\"dyn\"><span data-tag=\"date\" data-params=\"&quot;&quot;\" class=\"is-tag\">Beitragsdatum<\/span><\/p>\n<\/div>\n\n\n<div class=\"wp-block-post-excerpt\"><p class=\"wp-block-post-excerpt__excerpt\">Gr\u00e4sslin Kunststoffe weitet Portfolio an Hochleistungswerkstoffen um Thermoplastische Vulkanisate von&hellip; <\/p><\/div><\/div>\n<\/article><article class='query-post wp-block-post post-7259 post type-post status-publish format-standard has-post-thumbnail hentry category-allgemein' data-post='7259'data-title='das medical team der hromatka gruppe gemeinsam auf der pharmapack paris'data-date='2026-01-13 15:00:51'data-postviews='0'data-index='3'>\n<div class=\"wp-block-group blog-cards-container has-global-padding is-layout-constrained wp-container-core-group-is-layout-f5f3bcb8 wp-block-group-is-layout-constrained gs_LNtDUO has-trigger group_wrap\"><a class=\"hidden-trigger-link\"  href=\"https:\/\/www.graesslin-kunststoffe.de\/das-medical-team-der-hromatka-gruppe-gemeinsam-auf-der-pharmapack-paris\/\" title=\"Das Medical Team der Hromatka Gruppe gemeinsam auf der Pharmapack Paris\"><\/a>\n<div id=\"greyd-69afcf02560d6\" class=\"wp-block-greyd-box gs_F2LsJ2 greyd-content-box gs_F2LsJ2 flex-justify-space-between\">\n<div id=\"greyd-69afcf0255ed1\" class=\"wp-block-greyd-box dyn gs_E6ZZgU greyd-content-box gs_E6ZZgU has-background\"><div id='bg_69afcf0255be4' class='greyd-background'>\n\t\t\t\t\t\t\t\t<div class='bg_image'  data-srcset='{\"150\":\"https:\\\/\\\/www.graesslin-kunststoffe.de\\\/wp-content\\\/uploads\\\/sites\\\/5\\\/2026\\\/01\\\/260113_GrK_SoMe_Pharmapack-150x150.jpg\",\"300\":\"https:\\\/\\\/www.graesslin-kunststoffe.de\\\/wp-content\\\/uploads\\\/sites\\\/5\\\/2026\\\/01\\\/260113_GrK_SoMe_Pharmapack-300x169.jpg\",\"768\":\"https:\\\/\\\/www.graesslin-kunststoffe.de\\\/wp-content\\\/uploads\\\/sites\\\/5\\\/2026\\\/01\\\/260113_GrK_SoMe_Pharmapack-768x432.jpg\",\"1024\":\"https:\\\/\\\/www.graesslin-kunststoffe.de\\\/wp-content\\\/uploads\\\/sites\\\/5\\\/2026\\\/01\\\/260113_GrK_SoMe_Pharmapack-1024x576.jpg\",\"1536\":\"https:\\\/\\\/www.graesslin-kunststoffe.de\\\/wp-content\\\/uploads\\\/sites\\\/5\\\/2026\\\/01\\\/260113_GrK_SoMe_Pharmapack-1536x864.jpg\",\"full\":\"https:\\\/\\\/www.graesslin-kunststoffe.de\\\/wp-content\\\/uploads\\\/sites\\\/5\\\/2026\\\/01\\\/260113_GrK_SoMe_Pharmapack.jpg\"}'><\/div>\n\t\t\t\t\t\t\t\t\n\t\t\t\t\t\t\t\t\n\t\t\t\t\t\t\t\t\n\t\t\t\t\t\t\t<\/div><\/div>\n\n\n\n<div class=\"wp-block-greyd-box aligncenter gs_gAETHe greyd-content-box gs_gAETHe flex-justify-center  is-position-absolute\"  data-anim-action=\"fadeIn\" data-anim-event=\"parentHover\" data-anim-triggered=\"false\" data-anim-from=\"opacity: 0;\" data-anim-to=\"opacity: 1;\" data-anim-parent=\".blog-cards-container\">\n<div class=\"wp-block-greyd-buttons aligncenter button-ohne-text\">\n<a  href=\"https:\/\/www.graesslin-kunststoffe.de\/das-medical-team-der-hromatka-gruppe-gemeinsam-auf-der-pharmapack-paris\/\" title=\"Das Medical Team der Hromatka Gruppe gemeinsam auf der Pharmapack Paris\" class=\"button  gs_hHARZp \"  data-anim-action=\"scale\" data-anim-event=\"parentHover\" data-anim-triggered=\"false\" data-anim-from=\"transform: scale(0.9);transform-origin: center center;\" data-anim-to=\"transform: scale(1);\" data-anim-id=\"anim-69afcf0256073\" data-anim-parent=\".blog-cards-container\"><span style=\"flex:1\"><\/span><span class=\"arrow_carrot-right\" style=\"vertical-align:middle;font-size:100%;margin-left:10px\" aria-hidden=\"true\"><\/span><\/a><style class=\"greyd-styles\">.gs_hHARZp { background: #ed7e00c4 !important; border-radius: 50px !important; border-top: 0px none var(--wp--preset--color--foreground) !important; border-right: 0px none var(--wp--preset--color--foreground) !important; border-bottom: 0px none var(--wp--preset--color--foreground) !important; border-left: 0px none var(--wp--preset--color--foreground) !important; padding-top: var(--wp--preset--spacing--small) !important; padding-right: var(--wp--preset--spacing--small) !important; padding-bottom: var(--wp--preset--spacing--small) !important; padding-left: var(--wp--preset--spacing--small) !important; } <\/style>\n<\/div>\n<\/div>\n<\/div>\n\n\n\n<div class=\"wp-block-group has-global-padding is-layout-constrained wp-container-core-group-is-layout-19e250f3 wp-block-group-is-layout-constrained\">\n<h3 class=\"wp-block-heading dyn\" style=\"text-transform:none\"><span data-tag=\"title\" data-params=\"&quot;&quot;\" class=\"is-tag\">Beitragstitel<\/span><\/h3>\n\n\n\n<p class=\"dyn\"><span data-tag=\"date\" data-params=\"&quot;&quot;\" class=\"is-tag\">Beitragsdatum<\/span><\/p>\n<\/div>\n\n\n<div class=\"wp-block-post-excerpt\"><p class=\"wp-block-post-excerpt__excerpt\">Geb\u00fcndelte Kompetenz f\u00fcr hochwertige Kunststoffl\u00f6sungen in der Pharma- und Healthcare-Industrie&hellip; <\/p><\/div><\/div>\n<\/article><article class='query-post wp-block-post post-7239 post type-post status-publish format-standard has-post-thumbnail hentry category-allgemein' data-post='7239'data-title='grsslin und greco starten strategische partnerschaft fr tpu'data-date='2026-01-08 08:00:00'data-postviews='0'data-index='4'>\n<div class=\"wp-block-group blog-cards-container has-global-padding is-layout-constrained wp-container-core-group-is-layout-f5f3bcb8 wp-block-group-is-layout-constrained gs_LNtDUO has-trigger group_wrap\"><a class=\"hidden-trigger-link\"  href=\"https:\/\/www.graesslin-kunststoffe.de\/graesslin-und-greco-starten-strategische-partnerschaft-fuer-tpu\/\" title=\"Gr\u00e4sslin und Greco starten strategische Partnerschaft f\u00fcr TPU\"><\/a>\n<div id=\"greyd-69afcf0256b0a\" class=\"wp-block-greyd-box gs_F2LsJ2 greyd-content-box gs_F2LsJ2 flex-justify-space-between\">\n<div id=\"greyd-69afcf0256906\" class=\"wp-block-greyd-box dyn gs_E6ZZgU greyd-content-box gs_E6ZZgU has-background\"><div id='bg_69afcf02565ca' class='greyd-background'>\n\t\t\t\t\t\t\t\t<div class='bg_image'  data-srcset='{\"150\":\"https:\\\/\\\/www.graesslin-kunststoffe.de\\\/wp-content\\\/uploads\\\/sites\\\/5\\\/2026\\\/01\\\/ISOTHANE-Biocompatible-and-medical-tubing-150x150.jpg\",\"300\":\"https:\\\/\\\/www.graesslin-kunststoffe.de\\\/wp-content\\\/uploads\\\/sites\\\/5\\\/2026\\\/01\\\/ISOTHANE-Biocompatible-and-medical-tubing-300x200.jpg\",\"768\":\"https:\\\/\\\/www.graesslin-kunststoffe.de\\\/wp-content\\\/uploads\\\/sites\\\/5\\\/2026\\\/01\\\/ISOTHANE-Biocompatible-and-medical-tubing-768x512.jpg\",\"1024\":\"https:\\\/\\\/www.graesslin-kunststoffe.de\\\/wp-content\\\/uploads\\\/sites\\\/5\\\/2026\\\/01\\\/ISOTHANE-Biocompatible-and-medical-tubing-1024x683.jpg\",\"full\":\"https:\\\/\\\/www.graesslin-kunststoffe.de\\\/wp-content\\\/uploads\\\/sites\\\/5\\\/2026\\\/01\\\/ISOTHANE-Biocompatible-and-medical-tubing.jpg\"}'><\/div>\n\t\t\t\t\t\t\t\t\n\t\t\t\t\t\t\t\t\n\t\t\t\t\t\t\t\t\n\t\t\t\t\t\t\t<\/div><\/div>\n\n\n\n<div class=\"wp-block-greyd-box aligncenter gs_gAETHe greyd-content-box gs_gAETHe flex-justify-center  is-position-absolute\"  data-anim-action=\"fadeIn\" data-anim-event=\"parentHover\" data-anim-triggered=\"false\" data-anim-from=\"opacity: 0;\" data-anim-to=\"opacity: 1;\" data-anim-parent=\".blog-cards-container\">\n<div class=\"wp-block-greyd-buttons aligncenter button-ohne-text\">\n<a  href=\"https:\/\/www.graesslin-kunststoffe.de\/graesslin-und-greco-starten-strategische-partnerschaft-fuer-tpu\/\" title=\"Gr\u00e4sslin und Greco starten strategische Partnerschaft f\u00fcr TPU\" class=\"button  gs_hHARZp \"  data-anim-action=\"scale\" data-anim-event=\"parentHover\" data-anim-triggered=\"false\" data-anim-from=\"transform: scale(0.9);transform-origin: center center;\" data-anim-to=\"transform: scale(1);\" data-anim-id=\"anim-69afcf0256aa5\" data-anim-parent=\".blog-cards-container\"><span style=\"flex:1\"><\/span><span class=\"arrow_carrot-right\" style=\"vertical-align:middle;font-size:100%;margin-left:10px\" aria-hidden=\"true\"><\/span><\/a><style class=\"greyd-styles\">.gs_hHARZp { background: #ed7e00c4 !important; border-radius: 50px !important; border-top: 0px none var(--wp--preset--color--foreground) !important; border-right: 0px none var(--wp--preset--color--foreground) !important; border-bottom: 0px none var(--wp--preset--color--foreground) !important; border-left: 0px none var(--wp--preset--color--foreground) !important; padding-top: var(--wp--preset--spacing--small) !important; padding-right: var(--wp--preset--spacing--small) !important; padding-bottom: var(--wp--preset--spacing--small) !important; padding-left: var(--wp--preset--spacing--small) !important; } <\/style>\n<\/div>\n<\/div>\n<\/div>\n\n\n\n<div class=\"wp-block-group has-global-padding is-layout-constrained wp-container-core-group-is-layout-19e250f3 wp-block-group-is-layout-constrained\">\n<h3 class=\"wp-block-heading dyn\" style=\"text-transform:none\"><span data-tag=\"title\" data-params=\"&quot;&quot;\" class=\"is-tag\">Beitragstitel<\/span><\/h3>\n\n\n\n<p class=\"dyn\"><span data-tag=\"date\" data-params=\"&quot;&quot;\" class=\"is-tag\">Beitragsdatum<\/span><\/p>\n<\/div>\n\n\n<div class=\"wp-block-post-excerpt\"><p class=\"wp-block-post-excerpt__excerpt\">Erfahrener Distributeur und renommierter taiwanesischer Hersteller von Thermoplastischen Polyurethanen wollen&hellip; <\/p><\/div><\/div>\n<\/article><article class='query-post wp-block-post post-7212 post type-post status-publish format-standard has-post-thumbnail hentry category-allgemein' data-post='7212'data-title='grsslin weiter portfolio fr die medizintechnik mit vestamid care und trogamid care aus'data-date='2025-12-12 12:39:53'data-postviews='0'data-index='5'>\n<div class=\"wp-block-group blog-cards-container has-global-padding is-layout-constrained wp-container-core-group-is-layout-f5f3bcb8 wp-block-group-is-layout-constrained gs_LNtDUO has-trigger group_wrap\"><a class=\"hidden-trigger-link\"  href=\"https:\/\/www.graesslin-kunststoffe.de\/graesslin-weiter-portfolio-fuer-die-medizintechnik-mit-vestamid-care-und-trogamid-care-aus\/\" title=\"Gr\u00e4sslin weiter Portfolio f\u00fcr die Medizintechnik mit VESTAMID\u00ae Care und TROGAMID\u00ae Care aus\"><\/a>\n<div id=\"greyd-69afcf02574be\" class=\"wp-block-greyd-box gs_F2LsJ2 greyd-content-box gs_F2LsJ2 flex-justify-space-between\">\n<div id=\"greyd-69afcf02572ba\" class=\"wp-block-greyd-box dyn gs_E6ZZgU greyd-content-box gs_E6ZZgU has-background\"><div id='bg_69afcf0256ff1' class='greyd-background'>\n\t\t\t\t\t\t\t\t<div class='bg_image'  data-srcset='{\"150\":\"https:\\\/\\\/www.graesslin-kunststoffe.de\\\/wp-content\\\/uploads\\\/sites\\\/5\\\/2025\\\/12\\\/Evonik_Care-150x150.jpg\",\"300\":\"https:\\\/\\\/www.graesslin-kunststoffe.de\\\/wp-content\\\/uploads\\\/sites\\\/5\\\/2025\\\/12\\\/Evonik_Care-300x200.jpg\",\"768\":\"https:\\\/\\\/www.graesslin-kunststoffe.de\\\/wp-content\\\/uploads\\\/sites\\\/5\\\/2025\\\/12\\\/Evonik_Care-768x512.jpg\",\"1024\":\"https:\\\/\\\/www.graesslin-kunststoffe.de\\\/wp-content\\\/uploads\\\/sites\\\/5\\\/2025\\\/12\\\/Evonik_Care-1024x683.jpg\",\"full\":\"https:\\\/\\\/www.graesslin-kunststoffe.de\\\/wp-content\\\/uploads\\\/sites\\\/5\\\/2025\\\/12\\\/Evonik_Care.jpg\"}'><\/div>\n\t\t\t\t\t\t\t\t\n\t\t\t\t\t\t\t\t\n\t\t\t\t\t\t\t\t\n\t\t\t\t\t\t\t<\/div><\/div>\n\n\n\n<div class=\"wp-block-greyd-box aligncenter gs_gAETHe greyd-content-box gs_gAETHe flex-justify-center  is-position-absolute\"  data-anim-action=\"fadeIn\" data-anim-event=\"parentHover\" data-anim-triggered=\"false\" data-anim-from=\"opacity: 0;\" data-anim-to=\"opacity: 1;\" data-anim-parent=\".blog-cards-container\">\n<div class=\"wp-block-greyd-buttons aligncenter button-ohne-text\">\n<a  href=\"https:\/\/www.graesslin-kunststoffe.de\/graesslin-weiter-portfolio-fuer-die-medizintechnik-mit-vestamid-care-und-trogamid-care-aus\/\" title=\"Gr\u00e4sslin weiter Portfolio f\u00fcr die Medizintechnik mit VESTAMID\u00ae Care und TROGAMID\u00ae Care aus\" class=\"button  gs_hHARZp \"  data-anim-action=\"scale\" data-anim-event=\"parentHover\" data-anim-triggered=\"false\" data-anim-from=\"transform: scale(0.9);transform-origin: center center;\" data-anim-to=\"transform: scale(1);\" data-anim-id=\"anim-69afcf025745a\" data-anim-parent=\".blog-cards-container\"><span style=\"flex:1\"><\/span><span class=\"arrow_carrot-right\" style=\"vertical-align:middle;font-size:100%;margin-left:10px\" aria-hidden=\"true\"><\/span><\/a><style class=\"greyd-styles\">.gs_hHARZp { background: #ed7e00c4 !important; border-radius: 50px !important; border-top: 0px none var(--wp--preset--color--foreground) !important; border-right: 0px none var(--wp--preset--color--foreground) !important; border-bottom: 0px none var(--wp--preset--color--foreground) !important; border-left: 0px none var(--wp--preset--color--foreground) !important; padding-top: var(--wp--preset--spacing--small) !important; padding-right: var(--wp--preset--spacing--small) !important; padding-bottom: var(--wp--preset--spacing--small) !important; padding-left: var(--wp--preset--spacing--small) !important; } <\/style>\n<\/div>\n<\/div>\n<\/div>\n\n\n\n<div class=\"wp-block-group has-global-padding is-layout-constrained wp-container-core-group-is-layout-19e250f3 wp-block-group-is-layout-constrained\">\n<h3 class=\"wp-block-heading dyn\" style=\"text-transform:none\"><span data-tag=\"title\" data-params=\"&quot;&quot;\" class=\"is-tag\">Beitragstitel<\/span><\/h3>\n\n\n\n<p class=\"dyn\"><span data-tag=\"date\" data-params=\"&quot;&quot;\" class=\"is-tag\">Beitragsdatum<\/span><\/p>\n<\/div>\n\n\n<div class=\"wp-block-post-excerpt\"><p class=\"wp-block-post-excerpt__excerpt\">Unser Portfolio f\u00fcr moderne und sichere Medizintechnik ist um zwei&hellip; <\/p><\/div><\/div>\n<\/article><article class='query-post wp-block-post post-7147 post type-post status-publish format-standard has-post-thumbnail hentry category-allgemein' data-post='7147'data-title='grsslin als teil der hromatka gruppe auf der k 2025'data-date='2025-11-11 12:37:55'data-postviews='0'data-index='6'>\n<div class=\"wp-block-group blog-cards-container has-global-padding is-layout-constrained wp-container-core-group-is-layout-f5f3bcb8 wp-block-group-is-layout-constrained gs_LNtDUO has-trigger group_wrap\"><a class=\"hidden-trigger-link\"  href=\"https:\/\/www.graesslin-kunststoffe.de\/graesslin-als-teil-der-hromatka-gruppe-auf-der-k-2025\/\" title=\"Gr\u00e4sslin als Teil der Hromatka Gruppe auf der K 2025!\"><\/a>\n<div id=\"greyd-69afcf0257e62\" class=\"wp-block-greyd-box gs_F2LsJ2 greyd-content-box gs_F2LsJ2 flex-justify-space-between\">\n<div id=\"greyd-69afcf0257c6b\" class=\"wp-block-greyd-box dyn gs_E6ZZgU greyd-content-box gs_E6ZZgU has-background\"><div id='bg_69afcf025799e' class='greyd-background'>\n\t\t\t\t\t\t\t\t<div class='bg_image'  data-srcset='{\"150\":\"https:\\\/\\\/www.graesslin-kunststoffe.de\\\/wp-content\\\/uploads\\\/sites\\\/5\\\/2025\\\/11\\\/251111_K-Messe-150x150.jpg\",\"300\":\"https:\\\/\\\/www.graesslin-kunststoffe.de\\\/wp-content\\\/uploads\\\/sites\\\/5\\\/2025\\\/11\\\/251111_K-Messe-300x169.jpg\",\"768\":\"https:\\\/\\\/www.graesslin-kunststoffe.de\\\/wp-content\\\/uploads\\\/sites\\\/5\\\/2025\\\/11\\\/251111_K-Messe-768x432.jpg\",\"1024\":\"https:\\\/\\\/www.graesslin-kunststoffe.de\\\/wp-content\\\/uploads\\\/sites\\\/5\\\/2025\\\/11\\\/251111_K-Messe-1024x576.jpg\",\"1536\":\"https:\\\/\\\/www.graesslin-kunststoffe.de\\\/wp-content\\\/uploads\\\/sites\\\/5\\\/2025\\\/11\\\/251111_K-Messe-1536x865.jpg\",\"full\":\"https:\\\/\\\/www.graesslin-kunststoffe.de\\\/wp-content\\\/uploads\\\/sites\\\/5\\\/2025\\\/11\\\/251111_K-Messe.jpg\"}'><\/div>\n\t\t\t\t\t\t\t\t\n\t\t\t\t\t\t\t\t\n\t\t\t\t\t\t\t\t\n\t\t\t\t\t\t\t<\/div><\/div>\n\n\n\n<div class=\"wp-block-greyd-box aligncenter gs_gAETHe greyd-content-box gs_gAETHe flex-justify-center  is-position-absolute\"  data-anim-action=\"fadeIn\" data-anim-event=\"parentHover\" data-anim-triggered=\"false\" data-anim-from=\"opacity: 0;\" data-anim-to=\"opacity: 1;\" data-anim-parent=\".blog-cards-container\">\n<div class=\"wp-block-greyd-buttons aligncenter button-ohne-text\">\n<a  href=\"https:\/\/www.graesslin-kunststoffe.de\/graesslin-als-teil-der-hromatka-gruppe-auf-der-k-2025\/\" title=\"Gr\u00e4sslin als Teil der Hromatka Gruppe auf der K 2025!\" class=\"button  gs_hHARZp \"  data-anim-action=\"scale\" data-anim-event=\"parentHover\" data-anim-triggered=\"false\" data-anim-from=\"transform: scale(0.9);transform-origin: center center;\" data-anim-to=\"transform: scale(1);\" data-anim-id=\"anim-69afcf0257dfe\" data-anim-parent=\".blog-cards-container\"><span style=\"flex:1\"><\/span><span class=\"arrow_carrot-right\" style=\"vertical-align:middle;font-size:100%;margin-left:10px\" aria-hidden=\"true\"><\/span><\/a><style class=\"greyd-styles\">.gs_hHARZp { background: #ed7e00c4 !important; border-radius: 50px !important; border-top: 0px none var(--wp--preset--color--foreground) !important; border-right: 0px none var(--wp--preset--color--foreground) !important; border-bottom: 0px none var(--wp--preset--color--foreground) !important; border-left: 0px none var(--wp--preset--color--foreground) !important; padding-top: var(--wp--preset--spacing--small) !important; padding-right: var(--wp--preset--spacing--small) !important; padding-bottom: var(--wp--preset--spacing--small) !important; padding-left: var(--wp--preset--spacing--small) !important; } <\/style>\n<\/div>\n<\/div>\n<\/div>\n\n\n\n<div class=\"wp-block-group has-global-padding is-layout-constrained wp-container-core-group-is-layout-19e250f3 wp-block-group-is-layout-constrained\">\n<h3 class=\"wp-block-heading dyn\" style=\"text-transform:none\"><span data-tag=\"title\" data-params=\"&quot;&quot;\" class=\"is-tag\">Beitragstitel<\/span><\/h3>\n\n\n\n<p class=\"dyn\"><span data-tag=\"date\" data-params=\"&quot;&quot;\" class=\"is-tag\">Beitragsdatum<\/span><\/p>\n<\/div>\n\n\n<div class=\"wp-block-post-excerpt\"><p class=\"wp-block-post-excerpt__excerpt\">Die weltweit f\u00fchrende Fachmesse f\u00fcr die Kunststoffindustrie hat gehalten, was&hellip; <\/p><\/div><\/div>\n<\/article><article class='query-post wp-block-post post-7107 post type-post status-publish format-standard has-post-thumbnail hentry category-allgemein' data-post='7107'data-title='hromatka group und evonik weiten strategische vertriebspartnerschaft aus'data-date='2025-10-06 17:01:29'data-postviews='0'data-index='7'>\n<div class=\"wp-block-group blog-cards-container has-global-padding is-layout-constrained wp-container-core-group-is-layout-f5f3bcb8 wp-block-group-is-layout-constrained gs_LNtDUO has-trigger group_wrap\"><a class=\"hidden-trigger-link\"  href=\"https:\/\/www.graesslin-kunststoffe.de\/hromatka-evonik-vertriebspartner\/\" title=\"Hromatka Group und Evonik weiten strategische Vertriebspartnerschaft aus\"><\/a>\n<div id=\"greyd-69afcf025879f\" class=\"wp-block-greyd-box gs_F2LsJ2 greyd-content-box gs_F2LsJ2 flex-justify-space-between\">\n<div id=\"greyd-69afcf02585ae\" class=\"wp-block-greyd-box dyn gs_E6ZZgU greyd-content-box gs_E6ZZgU has-background\"><div id='bg_69afcf02582f0' class='greyd-background'>\n\t\t\t\t\t\t\t\t<div class='bg_image'  data-srcset='{\"150\":\"https:\\\/\\\/www.graesslin-kunststoffe.de\\\/wp-content\\\/uploads\\\/sites\\\/5\\\/2025\\\/10\\\/Hromatka_Evonik_03-150x150.jpg\",\"300\":\"https:\\\/\\\/www.graesslin-kunststoffe.de\\\/wp-content\\\/uploads\\\/sites\\\/5\\\/2025\\\/10\\\/Hromatka_Evonik_03-300x225.jpg\",\"768\":\"https:\\\/\\\/www.graesslin-kunststoffe.de\\\/wp-content\\\/uploads\\\/sites\\\/5\\\/2025\\\/10\\\/Hromatka_Evonik_03-768x576.jpg\",\"1024\":\"https:\\\/\\\/www.graesslin-kunststoffe.de\\\/wp-content\\\/uploads\\\/sites\\\/5\\\/2025\\\/10\\\/Hromatka_Evonik_03-1024x768.jpg\",\"full\":\"https:\\\/\\\/www.graesslin-kunststoffe.de\\\/wp-content\\\/uploads\\\/sites\\\/5\\\/2025\\\/10\\\/Hromatka_Evonik_03.jpg\"}'><\/div>\n\t\t\t\t\t\t\t\t\n\t\t\t\t\t\t\t\t\n\t\t\t\t\t\t\t\t\n\t\t\t\t\t\t\t<\/div><\/div>\n\n\n\n<div class=\"wp-block-greyd-box aligncenter gs_gAETHe greyd-content-box gs_gAETHe flex-justify-center  is-position-absolute\"  data-anim-action=\"fadeIn\" data-anim-event=\"parentHover\" data-anim-triggered=\"false\" data-anim-from=\"opacity: 0;\" data-anim-to=\"opacity: 1;\" data-anim-parent=\".blog-cards-container\">\n<div class=\"wp-block-greyd-buttons aligncenter button-ohne-text\">\n<a  href=\"https:\/\/www.graesslin-kunststoffe.de\/hromatka-evonik-vertriebspartner\/\" title=\"Hromatka Group und Evonik weiten strategische Vertriebspartnerschaft aus\" class=\"button  gs_hHARZp \"  data-anim-action=\"scale\" data-anim-event=\"parentHover\" data-anim-triggered=\"false\" data-anim-from=\"transform: scale(0.9);transform-origin: center center;\" data-anim-to=\"transform: scale(1);\" data-anim-id=\"anim-69afcf025873d\" data-anim-parent=\".blog-cards-container\"><span style=\"flex:1\"><\/span><span class=\"arrow_carrot-right\" style=\"vertical-align:middle;font-size:100%;margin-left:10px\" aria-hidden=\"true\"><\/span><\/a><style class=\"greyd-styles\">.gs_hHARZp { background: #ed7e00c4 !important; border-radius: 50px !important; border-top: 0px none var(--wp--preset--color--foreground) !important; border-right: 0px none var(--wp--preset--color--foreground) !important; border-bottom: 0px none var(--wp--preset--color--foreground) !important; border-left: 0px none var(--wp--preset--color--foreground) !important; padding-top: var(--wp--preset--spacing--small) !important; padding-right: var(--wp--preset--spacing--small) !important; padding-bottom: var(--wp--preset--spacing--small) !important; padding-left: var(--wp--preset--spacing--small) !important; } <\/style>\n<\/div>\n<\/div>\n<\/div>\n\n\n\n<div class=\"wp-block-group has-global-padding is-layout-constrained wp-container-core-group-is-layout-19e250f3 wp-block-group-is-layout-constrained\">\n<h3 class=\"wp-block-heading dyn\" style=\"text-transform:none\"><span data-tag=\"title\" data-params=\"&quot;&quot;\" class=\"is-tag\">Beitragstitel<\/span><\/h3>\n\n\n\n<p class=\"dyn\"><span data-tag=\"date\" data-params=\"&quot;&quot;\" class=\"is-tag\">Beitragsdatum<\/span><\/p>\n<\/div>\n\n\n<div class=\"wp-block-post-excerpt\"><p class=\"wp-block-post-excerpt__excerpt\">Offizieller Distributionsvertrag \u00fcber leistungsf\u00e4hige Polyamid 12 Formmassen f\u00fcr Europa Die&hellip; <\/p><\/div><\/div>\n<\/article><article class='query-post wp-block-post post-7090 post type-post status-publish format-standard has-post-thumbnail hentry category-allgemein' data-post='7090'data-title='sabic lnp np'data-date='2025-09-26 14:18:13'data-postviews='0'data-index='8'>\n<div class=\"wp-block-group blog-cards-container has-global-padding is-layout-constrained wp-container-core-group-is-layout-f5f3bcb8 wp-block-group-is-layout-constrained gs_LNtDUO has-trigger group_wrap\"><a class=\"hidden-trigger-link\"  href=\"https:\/\/www.graesslin-kunststoffe.de\/sabic-lnp-np\/\" title=\"SABIC LNP\u2122 NP\"><\/a>\n<div id=\"greyd-69afcf02592ca\" class=\"wp-block-greyd-box gs_F2LsJ2 greyd-content-box gs_F2LsJ2 flex-justify-space-between\">\n<div id=\"greyd-69afcf02590b9\" class=\"wp-block-greyd-box dyn gs_E6ZZgU greyd-content-box gs_E6ZZgU has-background\"><div id='bg_69afcf0258da0' class='greyd-background'>\n\t\t\t\t\t\t\t\t<div class='bg_image'  data-srcset='{\"150\":\"https:\\\/\\\/www.graesslin-kunststoffe.de\\\/wp-content\\\/uploads\\\/sites\\\/5\\\/2025\\\/09\\\/250827_lp_newsletter_SABIC_LNP_NP_01-150x150.jpg\",\"300\":\"https:\\\/\\\/www.graesslin-kunststoffe.de\\\/wp-content\\\/uploads\\\/sites\\\/5\\\/2025\\\/09\\\/250827_lp_newsletter_SABIC_LNP_NP_01-300x200.jpg\",\"768\":\"https:\\\/\\\/www.graesslin-kunststoffe.de\\\/wp-content\\\/uploads\\\/sites\\\/5\\\/2025\\\/09\\\/250827_lp_newsletter_SABIC_LNP_NP_01-768x512.jpg\",\"1024\":\"https:\\\/\\\/www.graesslin-kunststoffe.de\\\/wp-content\\\/uploads\\\/sites\\\/5\\\/2025\\\/09\\\/250827_lp_newsletter_SABIC_LNP_NP_01-1024x683.jpg\",\"full\":\"https:\\\/\\\/www.graesslin-kunststoffe.de\\\/wp-content\\\/uploads\\\/sites\\\/5\\\/2025\\\/09\\\/250827_lp_newsletter_SABIC_LNP_NP_01.jpg\"}'><\/div>\n\t\t\t\t\t\t\t\t\n\t\t\t\t\t\t\t\t\n\t\t\t\t\t\t\t\t\n\t\t\t\t\t\t\t<\/div><\/div>\n\n\n\n<div class=\"wp-block-greyd-box aligncenter gs_gAETHe greyd-content-box gs_gAETHe flex-justify-center  is-position-absolute\"  data-anim-action=\"fadeIn\" data-anim-event=\"parentHover\" data-anim-triggered=\"false\" data-anim-from=\"opacity: 0;\" data-anim-to=\"opacity: 1;\" data-anim-parent=\".blog-cards-container\">\n<div class=\"wp-block-greyd-buttons aligncenter button-ohne-text\">\n<a  href=\"https:\/\/www.graesslin-kunststoffe.de\/sabic-lnp-np\/\" title=\"SABIC LNP\u2122 NP\" class=\"button  gs_hHARZp \"  data-anim-action=\"scale\" data-anim-event=\"parentHover\" data-anim-triggered=\"false\" data-anim-from=\"transform: scale(0.9);transform-origin: center center;\" data-anim-to=\"transform: scale(1);\" data-anim-id=\"anim-69afcf025925a\" data-anim-parent=\".blog-cards-container\"><span style=\"flex:1\"><\/span><span class=\"arrow_carrot-right\" style=\"vertical-align:middle;font-size:100%;margin-left:10px\" aria-hidden=\"true\"><\/span><\/a><style class=\"greyd-styles\">.gs_hHARZp { background: #ed7e00c4 !important; border-radius: 50px !important; border-top: 0px none var(--wp--preset--color--foreground) !important; border-right: 0px none var(--wp--preset--color--foreground) !important; border-bottom: 0px none var(--wp--preset--color--foreground) !important; border-left: 0px none var(--wp--preset--color--foreground) !important; padding-top: var(--wp--preset--spacing--small) !important; padding-right: var(--wp--preset--spacing--small) !important; padding-bottom: var(--wp--preset--spacing--small) !important; padding-left: var(--wp--preset--spacing--small) !important; } <\/style>\n<\/div>\n<\/div>\n<\/div>\n\n\n\n<div class=\"wp-block-group has-global-padding is-layout-constrained wp-container-core-group-is-layout-19e250f3 wp-block-group-is-layout-constrained\">\n<h3 class=\"wp-block-heading dyn\" style=\"text-transform:none\"><span data-tag=\"title\" data-params=\"&quot;&quot;\" class=\"is-tag\">Beitragstitel<\/span><\/h3>\n\n\n\n<p class=\"dyn\"><span data-tag=\"date\" data-params=\"&quot;&quot;\" class=\"is-tag\">Beitragsdatum<\/span><\/p>\n<\/div>\n\n\n<div class=\"wp-block-post-excerpt\"><p class=\"wp-block-post-excerpt__excerpt\">Innovationsspielraum f\u00fcr E&amp;E, Healthcare und Mobilit\u00e4t ohne PFAS Wie lassen&hellip; <\/p><\/div><\/div>\n<\/article><article class='query-post wp-block-post post-7050 post type-post status-publish format-standard has-post-thumbnail hentry category-allgemein' data-post='7050'data-title='sabics neues hochleistungscompound setzt mastbe fr den einsatz in der elektrotechnik und emobilitt'data-date='2025-09-17 09:16:29'data-postviews='0'data-index='9'>\n<div class=\"wp-block-group blog-cards-container has-global-padding is-layout-constrained wp-container-core-group-is-layout-f5f3bcb8 wp-block-group-is-layout-constrained gs_LNtDUO has-trigger group_wrap\"><a class=\"hidden-trigger-link\"  href=\"https:\/\/www.graesslin-kunststoffe.de\/sabic-lnp-thermocomp\/\" title=\"SABICs neues Hochleistungscompound setzt Ma\u00dfst\u00e4be f\u00fcr den Einsatz in der Elektrotechnik und E-Mobilit\u00e4t\"><\/a>\n<div id=\"greyd-69afcf0259dea\" class=\"wp-block-greyd-box gs_F2LsJ2 greyd-content-box gs_F2LsJ2 flex-justify-space-between\">\n<div id=\"greyd-69afcf0259bef\" class=\"wp-block-greyd-box dyn gs_E6ZZgU greyd-content-box gs_E6ZZgU has-background\"><div id='bg_69afcf0259886' class='greyd-background'>\n\t\t\t\t\t\t\t\t<div class='bg_image'  data-srcset='{\"150\":\"https:\\\/\\\/www.graesslin-kunststoffe.de\\\/wp-content\\\/uploads\\\/sites\\\/5\\\/2025\\\/09\\\/shutterstock_1614773872-150x150.jpg\",\"300\":\"https:\\\/\\\/www.graesslin-kunststoffe.de\\\/wp-content\\\/uploads\\\/sites\\\/5\\\/2025\\\/09\\\/shutterstock_1614773872-300x169.jpg\",\"768\":\"https:\\\/\\\/www.graesslin-kunststoffe.de\\\/wp-content\\\/uploads\\\/sites\\\/5\\\/2025\\\/09\\\/shutterstock_1614773872-768x432.jpg\",\"1024\":\"https:\\\/\\\/www.graesslin-kunststoffe.de\\\/wp-content\\\/uploads\\\/sites\\\/5\\\/2025\\\/09\\\/shutterstock_1614773872-1024x576.jpg\",\"1536\":\"https:\\\/\\\/www.graesslin-kunststoffe.de\\\/wp-content\\\/uploads\\\/sites\\\/5\\\/2025\\\/09\\\/shutterstock_1614773872-1536x864.jpg\",\"2048\":\"https:\\\/\\\/www.graesslin-kunststoffe.de\\\/wp-content\\\/uploads\\\/sites\\\/5\\\/2025\\\/09\\\/shutterstock_1614773872-2048x1152.jpg\",\"full\":\"https:\\\/\\\/www.graesslin-kunststoffe.de\\\/wp-content\\\/uploads\\\/sites\\\/5\\\/2025\\\/09\\\/shutterstock_1614773872-scaled.jpg\"}'><\/div>\n\t\t\t\t\t\t\t\t\n\t\t\t\t\t\t\t\t\n\t\t\t\t\t\t\t\t\n\t\t\t\t\t\t\t<\/div><\/div>\n\n\n\n<div class=\"wp-block-greyd-box aligncenter gs_gAETHe greyd-content-box gs_gAETHe flex-justify-center  is-position-absolute\"  data-anim-action=\"fadeIn\" data-anim-event=\"parentHover\" data-anim-triggered=\"false\" data-anim-from=\"opacity: 0;\" data-anim-to=\"opacity: 1;\" data-anim-parent=\".blog-cards-container\">\n<div class=\"wp-block-greyd-buttons aligncenter button-ohne-text\">\n<a  href=\"https:\/\/www.graesslin-kunststoffe.de\/sabic-lnp-thermocomp\/\" title=\"SABICs neues Hochleistungscompound setzt Ma\u00dfst\u00e4be f\u00fcr den Einsatz in der Elektrotechnik und E-Mobilit\u00e4t\" class=\"button  gs_hHARZp \"  data-anim-action=\"scale\" data-anim-event=\"parentHover\" data-anim-triggered=\"false\" data-anim-from=\"transform: scale(0.9);transform-origin: center center;\" data-anim-to=\"transform: scale(1);\" data-anim-id=\"anim-69afcf0259d7d\" data-anim-parent=\".blog-cards-container\"><span style=\"flex:1\"><\/span><span class=\"arrow_carrot-right\" style=\"vertical-align:middle;font-size:100%;margin-left:10px\" aria-hidden=\"true\"><\/span><\/a><style class=\"greyd-styles\">.gs_hHARZp { background: #ed7e00c4 !important; border-radius: 50px !important; border-top: 0px none var(--wp--preset--color--foreground) !important; border-right: 0px none var(--wp--preset--color--foreground) !important; border-bottom: 0px none var(--wp--preset--color--foreground) !important; border-left: 0px none var(--wp--preset--color--foreground) !important; padding-top: var(--wp--preset--spacing--small) !important; padding-right: var(--wp--preset--spacing--small) !important; padding-bottom: var(--wp--preset--spacing--small) !important; padding-left: var(--wp--preset--spacing--small) !important; } <\/style>\n<\/div>\n<\/div>\n<\/div>\n\n\n\n<div class=\"wp-block-group has-global-padding is-layout-constrained wp-container-core-group-is-layout-19e250f3 wp-block-group-is-layout-constrained\">\n<h3 class=\"wp-block-heading dyn\" style=\"text-transform:none\"><span data-tag=\"title\" data-params=\"&quot;&quot;\" class=\"is-tag\">Beitragstitel<\/span><\/h3>\n\n\n\n<p class=\"dyn\"><span data-tag=\"date\" data-params=\"&quot;&quot;\" class=\"is-tag\">Beitragsdatum<\/span><\/p>\n<\/div>\n\n\n<div class=\"wp-block-post-excerpt\"><p class=\"wp-block-post-excerpt__excerpt\">Gr\u00e4sslin Kunststoffe vertreibt exklusiv SABICs LNP\u2122 THERMOCOMP\u2122 OFM76XXP in Deutschland&hellip; <\/p><\/div><\/div>\n<\/article><\/div><div class='query-page' data-page='2'><article class='query-post wp-block-post post-6973 post type-post status-publish format-standard has-post-thumbnail hentry category-allgemein' data-post='6973'data-title='grsslin grndet geschftsbereich healthcare'data-date='2025-07-18 12:08:48'data-postviews='0'data-index='10'>\n<div class=\"wp-block-group blog-cards-container has-global-padding is-layout-constrained wp-container-core-group-is-layout-f5f3bcb8 wp-block-group-is-layout-constrained gs_LNtDUO has-trigger group_wrap\"><a class=\"hidden-trigger-link\"  href=\"https:\/\/www.graesslin-kunststoffe.de\/graesslin-healthcare\/\" title=\"Gr\u00e4sslin gr\u00fcndet Gesch\u00e4ftsbereich Healthcare\"><\/a>\n<div id=\"greyd-69afcf025a82e\" class=\"wp-block-greyd-box gs_F2LsJ2 greyd-content-box gs_F2LsJ2 flex-justify-space-between\">\n<div id=\"greyd-69afcf025a63c\" class=\"wp-block-greyd-box dyn gs_E6ZZgU greyd-content-box gs_E6ZZgU has-background\"><div id='bg_69afcf025a369' class='greyd-background'>\n\t\t\t\t\t\t\t\t<div class='bg_image'  data-srcset='{\"150\":\"https:\\\/\\\/www.graesslin-kunststoffe.de\\\/wp-content\\\/uploads\\\/sites\\\/5\\\/2025\\\/07\\\/Graesslin_HealthCare_Stein_4443-150x150.jpg\",\"300\":\"https:\\\/\\\/www.graesslin-kunststoffe.de\\\/wp-content\\\/uploads\\\/sites\\\/5\\\/2025\\\/07\\\/Graesslin_HealthCare_Stein_4443-300x200.jpg\",\"768\":\"https:\\\/\\\/www.graesslin-kunststoffe.de\\\/wp-content\\\/uploads\\\/sites\\\/5\\\/2025\\\/07\\\/Graesslin_HealthCare_Stein_4443-768x512.jpg\",\"1024\":\"https:\\\/\\\/www.graesslin-kunststoffe.de\\\/wp-content\\\/uploads\\\/sites\\\/5\\\/2025\\\/07\\\/Graesslin_HealthCare_Stein_4443-1024x683.jpg\",\"1536\":\"https:\\\/\\\/www.graesslin-kunststoffe.de\\\/wp-content\\\/uploads\\\/sites\\\/5\\\/2025\\\/07\\\/Graesslin_HealthCare_Stein_4443-1536x1024.jpg\",\"full\":\"https:\\\/\\\/www.graesslin-kunststoffe.de\\\/wp-content\\\/uploads\\\/sites\\\/5\\\/2025\\\/07\\\/Graesslin_HealthCare_Stein_4443.jpg\"}'><\/div>\n\t\t\t\t\t\t\t\t\n\t\t\t\t\t\t\t\t\n\t\t\t\t\t\t\t\t\n\t\t\t\t\t\t\t<\/div><\/div>\n\n\n\n<div class=\"wp-block-greyd-box aligncenter gs_gAETHe greyd-content-box gs_gAETHe flex-justify-center  is-position-absolute\"  data-anim-action=\"fadeIn\" data-anim-event=\"parentHover\" data-anim-triggered=\"false\" data-anim-from=\"opacity: 0;\" data-anim-to=\"opacity: 1;\" data-anim-parent=\".blog-cards-container\">\n<div class=\"wp-block-greyd-buttons aligncenter button-ohne-text\">\n<a  href=\"https:\/\/www.graesslin-kunststoffe.de\/graesslin-healthcare\/\" title=\"Gr\u00e4sslin gr\u00fcndet Gesch\u00e4ftsbereich Healthcare\" class=\"button  gs_hHARZp \"  data-anim-action=\"scale\" data-anim-event=\"parentHover\" data-anim-triggered=\"false\" data-anim-from=\"transform: scale(0.9);transform-origin: center center;\" data-anim-to=\"transform: scale(1);\" data-anim-id=\"anim-69afcf025a7c9\" data-anim-parent=\".blog-cards-container\"><span style=\"flex:1\"><\/span><span class=\"arrow_carrot-right\" style=\"vertical-align:middle;font-size:100%;margin-left:10px\" aria-hidden=\"true\"><\/span><\/a><style class=\"greyd-styles\">.gs_hHARZp { background: #ed7e00c4 !important; border-radius: 50px !important; border-top: 0px none var(--wp--preset--color--foreground) !important; border-right: 0px none var(--wp--preset--color--foreground) !important; border-bottom: 0px none var(--wp--preset--color--foreground) !important; border-left: 0px none var(--wp--preset--color--foreground) !important; padding-top: var(--wp--preset--spacing--small) !important; padding-right: var(--wp--preset--spacing--small) !important; padding-bottom: var(--wp--preset--spacing--small) !important; padding-left: var(--wp--preset--spacing--small) !important; } <\/style>\n<\/div>\n<\/div>\n<\/div>\n\n\n\n<div class=\"wp-block-group has-global-padding is-layout-constrained wp-container-core-group-is-layout-19e250f3 wp-block-group-is-layout-constrained\">\n<h3 class=\"wp-block-heading dyn\" style=\"text-transform:none\"><span data-tag=\"title\" data-params=\"&quot;&quot;\" class=\"is-tag\">Beitragstitel<\/span><\/h3>\n\n\n\n<p class=\"dyn\"><span data-tag=\"date\" data-params=\"&quot;&quot;\" class=\"is-tag\">Beitragsdatum<\/span><\/p>\n<\/div>\n\n\n<div class=\"wp-block-post-excerpt\"><p class=\"wp-block-post-excerpt__excerpt\">Ole Stein leitet neue Business Unit \u2013 Fokus auf hochwertigen&hellip; <\/p><\/div><\/div>\n<\/article><article class='query-post wp-block-post post-6936 post type-post status-publish format-standard has-post-thumbnail hentry category-allgemein' data-post='6936'data-title='das war unser technologietag 2025'data-date='2025-07-11 13:54:20'data-postviews='0'data-index='11'>\n<div class=\"wp-block-group blog-cards-container has-global-padding is-layout-constrained wp-container-core-group-is-layout-f5f3bcb8 wp-block-group-is-layout-constrained gs_LNtDUO has-trigger group_wrap\"><a class=\"hidden-trigger-link\"  href=\"https:\/\/www.graesslin-kunststoffe.de\/das-war-unser-technologietag-2025\/\" title=\"Das war unser Technologietag 2025\"><\/a>\n<div id=\"greyd-69afcf025b2c9\" class=\"wp-block-greyd-box gs_F2LsJ2 greyd-content-box gs_F2LsJ2 flex-justify-space-between\">\n<div id=\"greyd-69afcf025b0d0\" class=\"wp-block-greyd-box dyn gs_E6ZZgU greyd-content-box gs_E6ZZgU has-background\"><div id='bg_69afcf025adb7' class='greyd-background'>\n\t\t\t\t\t\t\t\t<div class='bg_image'  data-srcset='{\"150\":\"https:\\\/\\\/www.graesslin-kunststoffe.de\\\/wp-content\\\/uploads\\\/sites\\\/5\\\/2025\\\/07\\\/2025-graesslin_sued-techday-98-150x150.jpg\",\"300\":\"https:\\\/\\\/www.graesslin-kunststoffe.de\\\/wp-content\\\/uploads\\\/sites\\\/5\\\/2025\\\/07\\\/2025-graesslin_sued-techday-98-300x200.jpg\",\"768\":\"https:\\\/\\\/www.graesslin-kunststoffe.de\\\/wp-content\\\/uploads\\\/sites\\\/5\\\/2025\\\/07\\\/2025-graesslin_sued-techday-98-768x512.jpg\",\"1024\":\"https:\\\/\\\/www.graesslin-kunststoffe.de\\\/wp-content\\\/uploads\\\/sites\\\/5\\\/2025\\\/07\\\/2025-graesslin_sued-techday-98-1024x683.jpg\",\"full\":\"https:\\\/\\\/www.graesslin-kunststoffe.de\\\/wp-content\\\/uploads\\\/sites\\\/5\\\/2025\\\/07\\\/2025-graesslin_sued-techday-98.jpg\"}'><\/div>\n\t\t\t\t\t\t\t\t\n\t\t\t\t\t\t\t\t\n\t\t\t\t\t\t\t\t\n\t\t\t\t\t\t\t<\/div><\/div>\n\n\n\n<div class=\"wp-block-greyd-box aligncenter gs_gAETHe greyd-content-box gs_gAETHe flex-justify-center  is-position-absolute\"  data-anim-action=\"fadeIn\" data-anim-event=\"parentHover\" data-anim-triggered=\"false\" data-anim-from=\"opacity: 0;\" data-anim-to=\"opacity: 1;\" data-anim-parent=\".blog-cards-container\">\n<div class=\"wp-block-greyd-buttons aligncenter button-ohne-text\">\n<a  href=\"https:\/\/www.graesslin-kunststoffe.de\/das-war-unser-technologietag-2025\/\" title=\"Das war unser Technologietag 2025\" class=\"button  gs_hHARZp \"  data-anim-action=\"scale\" data-anim-event=\"parentHover\" data-anim-triggered=\"false\" data-anim-from=\"transform: scale(0.9);transform-origin: center center;\" data-anim-to=\"transform: scale(1);\" data-anim-id=\"anim-69afcf025b265\" data-anim-parent=\".blog-cards-container\"><span style=\"flex:1\"><\/span><span class=\"arrow_carrot-right\" style=\"vertical-align:middle;font-size:100%;margin-left:10px\" aria-hidden=\"true\"><\/span><\/a><style class=\"greyd-styles\">.gs_hHARZp { background: #ed7e00c4 !important; border-radius: 50px !important; border-top: 0px none var(--wp--preset--color--foreground) !important; border-right: 0px none var(--wp--preset--color--foreground) !important; border-bottom: 0px none var(--wp--preset--color--foreground) !important; border-left: 0px none var(--wp--preset--color--foreground) !important; padding-top: var(--wp--preset--spacing--small) !important; padding-right: var(--wp--preset--spacing--small) !important; padding-bottom: var(--wp--preset--spacing--small) !important; padding-left: var(--wp--preset--spacing--small) !important; } <\/style>\n<\/div>\n<\/div>\n<\/div>\n\n\n\n<div class=\"wp-block-group has-global-padding is-layout-constrained wp-container-core-group-is-layout-19e250f3 wp-block-group-is-layout-constrained\">\n<h3 class=\"wp-block-heading dyn\" style=\"text-transform:none\"><span data-tag=\"title\" data-params=\"&quot;&quot;\" class=\"is-tag\">Beitragstitel<\/span><\/h3>\n\n\n\n<p class=\"dyn\"><span data-tag=\"date\" data-params=\"&quot;&quot;\" class=\"is-tag\">Beitragsdatum<\/span><\/p>\n<\/div>\n\n\n<div class=\"wp-block-post-excerpt\"><p class=\"wp-block-post-excerpt__excerpt\">25 Jahre Leidenschaft f\u00fcr Kunststoffe! Unserem Technologietag in der vergangenen&hellip; <\/p><\/div><\/div>\n<\/article><article class='query-post wp-block-post post-6816 post type-post status-publish format-standard has-post-thumbnail hentry category-allgemein' data-post='6816'data-title='25 jahre leidenschaft fr kunststoffe'data-date='2025-06-12 17:13:35'data-postviews='0'data-index='12'>\n<div class=\"wp-block-group blog-cards-container has-global-padding is-layout-constrained wp-container-core-group-is-layout-f5f3bcb8 wp-block-group-is-layout-constrained gs_LNtDUO has-trigger group_wrap\"><a class=\"hidden-trigger-link\"  href=\"https:\/\/www.graesslin-kunststoffe.de\/25-jahre-leidenschaft-fuer-kunststoffe\/\" title=\"25 Jahre Leidenschaft f\u00fcr Kunststoffe\"><\/a>\n<div id=\"greyd-69afcf025bb9b\" class=\"wp-block-greyd-box gs_F2LsJ2 greyd-content-box gs_F2LsJ2 flex-justify-space-between\">\n<div id=\"greyd-69afcf025b925\" class=\"wp-block-greyd-box dyn gs_E6ZZgU greyd-content-box gs_E6ZZgU has-background\"><div id='bg_69afcf025b667' class='greyd-background'>\n\t\t\t\t\t\t\t\t<div class='bg_image'  data-srcset='{\"150\":\"https:\\\/\\\/www.graesslin-kunststoffe.de\\\/wp-content\\\/uploads\\\/sites\\\/5\\\/2025\\\/06\\\/Graesslin_Techday2025-150x150.jpg\",\"300\":\"https:\\\/\\\/www.graesslin-kunststoffe.de\\\/wp-content\\\/uploads\\\/sites\\\/5\\\/2025\\\/06\\\/Graesslin_Techday2025-300x200.jpg\",\"768\":\"https:\\\/\\\/www.graesslin-kunststoffe.de\\\/wp-content\\\/uploads\\\/sites\\\/5\\\/2025\\\/06\\\/Graesslin_Techday2025-768x512.jpg\",\"1024\":\"https:\\\/\\\/www.graesslin-kunststoffe.de\\\/wp-content\\\/uploads\\\/sites\\\/5\\\/2025\\\/06\\\/Graesslin_Techday2025-1024x683.jpg\",\"full\":\"https:\\\/\\\/www.graesslin-kunststoffe.de\\\/wp-content\\\/uploads\\\/sites\\\/5\\\/2025\\\/06\\\/Graesslin_Techday2025.jpg\"}'><\/div>\n\t\t\t\t\t\t\t\t\n\t\t\t\t\t\t\t\t\n\t\t\t\t\t\t\t\t\n\t\t\t\t\t\t\t<\/div><\/div>\n\n\n\n<div class=\"wp-block-greyd-box aligncenter gs_gAETHe greyd-content-box gs_gAETHe flex-justify-center  is-position-absolute\"  data-anim-action=\"fadeIn\" data-anim-event=\"parentHover\" data-anim-triggered=\"false\" data-anim-from=\"opacity: 0;\" data-anim-to=\"opacity: 1;\" data-anim-parent=\".blog-cards-container\">\n<div class=\"wp-block-greyd-buttons aligncenter button-ohne-text\">\n<a  href=\"https:\/\/www.graesslin-kunststoffe.de\/25-jahre-leidenschaft-fuer-kunststoffe\/\" title=\"25 Jahre Leidenschaft f\u00fcr Kunststoffe\" class=\"button  gs_hHARZp \"  data-anim-action=\"scale\" data-anim-event=\"parentHover\" data-anim-triggered=\"false\" data-anim-from=\"transform: scale(0.9);transform-origin: center center;\" data-anim-to=\"transform: scale(1);\" data-anim-id=\"anim-69afcf025bb39\" data-anim-parent=\".blog-cards-container\"><span style=\"flex:1\"><\/span><span class=\"arrow_carrot-right\" style=\"vertical-align:middle;font-size:100%;margin-left:10px\" aria-hidden=\"true\"><\/span><\/a><style class=\"greyd-styles\">.gs_hHARZp { background: #ed7e00c4 !important; border-radius: 50px !important; border-top: 0px none var(--wp--preset--color--foreground) !important; border-right: 0px none var(--wp--preset--color--foreground) !important; border-bottom: 0px none var(--wp--preset--color--foreground) !important; border-left: 0px none var(--wp--preset--color--foreground) !important; padding-top: var(--wp--preset--spacing--small) !important; padding-right: var(--wp--preset--spacing--small) !important; padding-bottom: var(--wp--preset--spacing--small) !important; padding-left: var(--wp--preset--spacing--small) !important; } <\/style>\n<\/div>\n<\/div>\n<\/div>\n\n\n\n<div class=\"wp-block-group has-global-padding is-layout-constrained wp-container-core-group-is-layout-19e250f3 wp-block-group-is-layout-constrained\">\n<h3 class=\"wp-block-heading dyn\" style=\"text-transform:none\"><span data-tag=\"title\" data-params=\"&quot;&quot;\" class=\"is-tag\">Beitragstitel<\/span><\/h3>\n\n\n\n<p class=\"dyn\"><span data-tag=\"date\" data-params=\"&quot;&quot;\" class=\"is-tag\">Beitragsdatum<\/span><\/p>\n<\/div>\n\n\n<div class=\"wp-block-post-excerpt\"><p class=\"wp-block-post-excerpt__excerpt\">Gr\u00e4sslin Technologietag zum Jubil\u00e4um Wenn am 3. Juli 2025 der&hellip; <\/p><\/div><\/div>\n<\/article><article class='query-post wp-block-post post-6140 post type-post status-publish format-standard has-post-thumbnail hentry category-news' data-post='6140'data-title='glnzende zusammenarbeit fr brillante metalleffekte'data-date='2025-02-13 13:00:00'data-postviews='0'data-index='13'>\n<div class=\"wp-block-group blog-cards-container has-global-padding is-layout-constrained wp-container-core-group-is-layout-f5f3bcb8 wp-block-group-is-layout-constrained gs_LNtDUO has-trigger group_wrap\"><a class=\"hidden-trigger-link\"  href=\"https:\/\/www.graesslin-kunststoffe.de\/glanzende-zusammenarbeit-fur-brillante-metalleffekte\/\" title=\"Gl\u00e4nzende Zusammenarbeit f\u00fcr brillante Metalleffekte\"><\/a>\n<div id=\"greyd-69afcf025c69c\" class=\"wp-block-greyd-box gs_F2LsJ2 greyd-content-box gs_F2LsJ2 flex-justify-space-between\">\n<div id=\"greyd-69afcf025c4a2\" class=\"wp-block-greyd-box dyn gs_E6ZZgU greyd-content-box gs_E6ZZgU has-background\"><div id='bg_69afcf025c188' class='greyd-background'>\n\t\t\t\t\t\t\t\t<div class='bg_image'  data-srcset='{\"150\":\"https:\\\/\\\/www.graesslin-kunststoffe.de\\\/wp-content\\\/uploads\\\/sites\\\/5\\\/2025\\\/02\\\/Bemusterung_1408-150x150.jpg\",\"300\":\"https:\\\/\\\/www.graesslin-kunststoffe.de\\\/wp-content\\\/uploads\\\/sites\\\/5\\\/2025\\\/02\\\/Bemusterung_1408-300x225.jpg\",\"768\":\"https:\\\/\\\/www.graesslin-kunststoffe.de\\\/wp-content\\\/uploads\\\/sites\\\/5\\\/2025\\\/02\\\/Bemusterung_1408-768x576.jpg\",\"1024\":\"https:\\\/\\\/www.graesslin-kunststoffe.de\\\/wp-content\\\/uploads\\\/sites\\\/5\\\/2025\\\/02\\\/Bemusterung_1408-1024x768.jpg\",\"full\":\"https:\\\/\\\/www.graesslin-kunststoffe.de\\\/wp-content\\\/uploads\\\/sites\\\/5\\\/2025\\\/02\\\/Bemusterung_1408.jpg\"}'><\/div>\n\t\t\t\t\t\t\t\t\n\t\t\t\t\t\t\t\t\n\t\t\t\t\t\t\t\t\n\t\t\t\t\t\t\t<\/div><\/div>\n\n\n\n<div class=\"wp-block-greyd-box aligncenter gs_gAETHe greyd-content-box gs_gAETHe flex-justify-center  is-position-absolute\"  data-anim-action=\"fadeIn\" data-anim-event=\"parentHover\" data-anim-triggered=\"false\" data-anim-from=\"opacity: 0;\" data-anim-to=\"opacity: 1;\" data-anim-parent=\".blog-cards-container\">\n<div class=\"wp-block-greyd-buttons aligncenter button-ohne-text\">\n<a  href=\"https:\/\/www.graesslin-kunststoffe.de\/glanzende-zusammenarbeit-fur-brillante-metalleffekte\/\" title=\"Gl\u00e4nzende Zusammenarbeit f\u00fcr brillante Metalleffekte\" class=\"button  gs_hHARZp \"  data-anim-action=\"scale\" data-anim-event=\"parentHover\" data-anim-triggered=\"false\" data-anim-from=\"transform: scale(0.9);transform-origin: center center;\" data-anim-to=\"transform: scale(1);\" data-anim-id=\"anim-69afcf025c637\" data-anim-parent=\".blog-cards-container\"><span style=\"flex:1\"><\/span><span class=\"arrow_carrot-right\" style=\"vertical-align:middle;font-size:100%;margin-left:10px\" aria-hidden=\"true\"><\/span><\/a><style class=\"greyd-styles\">.gs_hHARZp { background: #ed7e00c4 !important; border-radius: 50px !important; border-top: 0px none var(--wp--preset--color--foreground) !important; border-right: 0px none var(--wp--preset--color--foreground) !important; border-bottom: 0px none var(--wp--preset--color--foreground) !important; border-left: 0px none var(--wp--preset--color--foreground) !important; padding-top: var(--wp--preset--spacing--small) !important; padding-right: var(--wp--preset--spacing--small) !important; padding-bottom: var(--wp--preset--spacing--small) !important; padding-left: var(--wp--preset--spacing--small) !important; } <\/style>\n<\/div>\n<\/div>\n<\/div>\n\n\n\n<div class=\"wp-block-group has-global-padding is-layout-constrained wp-container-core-group-is-layout-19e250f3 wp-block-group-is-layout-constrained\">\n<h3 class=\"wp-block-heading dyn\" style=\"text-transform:none\"><span data-tag=\"title\" data-params=\"&quot;&quot;\" class=\"is-tag\">Beitragstitel<\/span><\/h3>\n\n\n\n<p class=\"dyn\"><span data-tag=\"date\" data-params=\"&quot;&quot;\" class=\"is-tag\">Beitragsdatum<\/span><\/p>\n<\/div>\n\n\n<div class=\"wp-block-post-excerpt\"><p class=\"wp-block-post-excerpt__excerpt\">Drei starke Partner, ein gemeinsames Ziel: Die nachhaltige Zukunft beeindruckender&hellip; <\/p><\/div><\/div>\n<\/article><article class='query-post wp-block-post post-6139 post type-post status-publish format-standard has-post-thumbnail hentry category-news' data-post='6139'data-title='zu gut fr den mll von der flasche zum essbesteck'data-date='2025-01-08 21:15:15'data-postviews='0'data-index='14'>\n<div class=\"wp-block-group blog-cards-container has-global-padding is-layout-constrained wp-container-core-group-is-layout-f5f3bcb8 wp-block-group-is-layout-constrained gs_LNtDUO has-trigger group_wrap\"><a class=\"hidden-trigger-link\"  href=\"https:\/\/www.graesslin-kunststoffe.de\/zu-gut-fur-den-mull-von-der-flasche-zum-essbesteck\/\" title=\"Zu gut f\u00fcr den M\u00fcll: Von der Flasche zum Essbesteck\"><\/a>\n<div id=\"greyd-69afcf025cf6d\" class=\"wp-block-greyd-box gs_F2LsJ2 greyd-content-box gs_F2LsJ2 flex-justify-space-between\">\n<div id=\"greyd-69afcf025cd73\" class=\"wp-block-greyd-box dyn gs_E6ZZgU greyd-content-box gs_E6ZZgU has-background\"><div id='bg_69afcf025ca35' class='greyd-background'>\n\t\t\t\t\t\t\t\t<div class='bg_image'  data-srcset='{\"150\":\"https:\\\/\\\/www.graesslin-kunststoffe.de\\\/wp-content\\\/uploads\\\/sites\\\/5\\\/2025\\\/03\\\/sabic-lnp-elcrin-iq-150x150.jpg\",\"300\":\"https:\\\/\\\/www.graesslin-kunststoffe.de\\\/wp-content\\\/uploads\\\/sites\\\/5\\\/2025\\\/03\\\/sabic-lnp-elcrin-iq-300x200.jpg\",\"768\":\"https:\\\/\\\/www.graesslin-kunststoffe.de\\\/wp-content\\\/uploads\\\/sites\\\/5\\\/2025\\\/03\\\/sabic-lnp-elcrin-iq-768x512.jpg\",\"1024\":\"https:\\\/\\\/www.graesslin-kunststoffe.de\\\/wp-content\\\/uploads\\\/sites\\\/5\\\/2025\\\/03\\\/sabic-lnp-elcrin-iq-1024x683.jpg\",\"full\":\"https:\\\/\\\/www.graesslin-kunststoffe.de\\\/wp-content\\\/uploads\\\/sites\\\/5\\\/2025\\\/03\\\/sabic-lnp-elcrin-iq.jpg\"}'><\/div>\n\t\t\t\t\t\t\t\t\n\t\t\t\t\t\t\t\t\n\t\t\t\t\t\t\t\t\n\t\t\t\t\t\t\t<\/div><\/div>\n\n\n\n<div class=\"wp-block-greyd-box aligncenter gs_gAETHe greyd-content-box gs_gAETHe flex-justify-center  is-position-absolute\"  data-anim-action=\"fadeIn\" data-anim-event=\"parentHover\" data-anim-triggered=\"false\" data-anim-from=\"opacity: 0;\" data-anim-to=\"opacity: 1;\" data-anim-parent=\".blog-cards-container\">\n<div class=\"wp-block-greyd-buttons aligncenter button-ohne-text\">\n<a  href=\"https:\/\/www.graesslin-kunststoffe.de\/zu-gut-fur-den-mull-von-der-flasche-zum-essbesteck\/\" title=\"Zu gut f\u00fcr den M\u00fcll: Von der Flasche zum Essbesteck\" class=\"button  gs_hHARZp \"  data-anim-action=\"scale\" data-anim-event=\"parentHover\" data-anim-triggered=\"false\" data-anim-from=\"transform: scale(0.9);transform-origin: center center;\" data-anim-to=\"transform: scale(1);\" data-anim-id=\"anim-69afcf025cf09\" data-anim-parent=\".blog-cards-container\"><span style=\"flex:1\"><\/span><span class=\"arrow_carrot-right\" style=\"vertical-align:middle;font-size:100%;margin-left:10px\" aria-hidden=\"true\"><\/span><\/a><style class=\"greyd-styles\">.gs_hHARZp { background: #ed7e00c4 !important; border-radius: 50px !important; border-top: 0px none var(--wp--preset--color--foreground) !important; border-right: 0px none var(--wp--preset--color--foreground) !important; border-bottom: 0px none var(--wp--preset--color--foreground) !important; border-left: 0px none var(--wp--preset--color--foreground) !important; padding-top: var(--wp--preset--spacing--small) !important; padding-right: var(--wp--preset--spacing--small) !important; padding-bottom: var(--wp--preset--spacing--small) !important; padding-left: var(--wp--preset--spacing--small) !important; } <\/style>\n<\/div>\n<\/div>\n<\/div>\n\n\n\n<div class=\"wp-block-group has-global-padding is-layout-constrained wp-container-core-group-is-layout-19e250f3 wp-block-group-is-layout-constrained\">\n<h3 class=\"wp-block-heading dyn\" style=\"text-transform:none\"><span data-tag=\"title\" data-params=\"&quot;&quot;\" class=\"is-tag\">Beitragstitel<\/span><\/h3>\n\n\n\n<p class=\"dyn\"><span data-tag=\"date\" data-params=\"&quot;&quot;\" class=\"is-tag\">Beitragsdatum<\/span><\/p>\n<\/div>\n\n\n<div class=\"wp-block-post-excerpt\"><p class=\"wp-block-post-excerpt__excerpt\">In einer Welt, in der Nachhaltigkeit und Ressourcenschonung immer wichtiger&hellip; <\/p><\/div><\/div>\n<\/article><article class='query-post wp-block-post post-6138 post type-post status-publish format-standard has-post-thumbnail hentry category-news' data-post='6138'data-title='perfekt verbunden hochvoltstecker fr elektrische nutzfahrzeuge'data-date='2024-11-27 15:00:00'data-postviews='0'data-index='15'>\n<div class=\"wp-block-group blog-cards-container has-global-padding is-layout-constrained wp-container-core-group-is-layout-f5f3bcb8 wp-block-group-is-layout-constrained gs_LNtDUO has-trigger group_wrap\"><a class=\"hidden-trigger-link\"  href=\"https:\/\/www.graesslin-kunststoffe.de\/perfekt-verbunden-hochvoltstecker-fuer-elektrische-nutzfahrzeuge\/\" title=\"Perfekt verbunden: Hochvoltstecker f\u00fcr elektrische Nutzfahrzeuge\"><\/a>\n<div id=\"greyd-69afcf025d90e\" class=\"wp-block-greyd-box gs_F2LsJ2 greyd-content-box gs_F2LsJ2 flex-justify-space-between\">\n<div id=\"greyd-69afcf025d6fd\" class=\"wp-block-greyd-box dyn gs_E6ZZgU greyd-content-box gs_E6ZZgU has-background\"><div id='bg_69afcf025d38d' class='greyd-background'>\n\t\t\t\t\t\t\t\t<div class='bg_image'  data-srcset='{\"150\":\"https:\\\/\\\/www.graesslin-kunststoffe.de\\\/wp-content\\\/uploads\\\/sites\\\/5\\\/2024\\\/11\\\/241127_grk_blog_Hochvoltstecker-150x150.jpg\",\"300\":\"https:\\\/\\\/www.graesslin-kunststoffe.de\\\/wp-content\\\/uploads\\\/sites\\\/5\\\/2024\\\/11\\\/241127_grk_blog_Hochvoltstecker-300x200.jpg\",\"768\":\"https:\\\/\\\/www.graesslin-kunststoffe.de\\\/wp-content\\\/uploads\\\/sites\\\/5\\\/2024\\\/11\\\/241127_grk_blog_Hochvoltstecker-768x512.jpg\",\"1024\":\"https:\\\/\\\/www.graesslin-kunststoffe.de\\\/wp-content\\\/uploads\\\/sites\\\/5\\\/2024\\\/11\\\/241127_grk_blog_Hochvoltstecker-1024x683.jpg\",\"full\":\"https:\\\/\\\/www.graesslin-kunststoffe.de\\\/wp-content\\\/uploads\\\/sites\\\/5\\\/2024\\\/11\\\/241127_grk_blog_Hochvoltstecker.jpg\"}'><\/div>\n\t\t\t\t\t\t\t\t\n\t\t\t\t\t\t\t\t\n\t\t\t\t\t\t\t\t\n\t\t\t\t\t\t\t<\/div><\/div>\n\n\n\n<div class=\"wp-block-greyd-box aligncenter gs_gAETHe greyd-content-box gs_gAETHe flex-justify-center  is-position-absolute\"  data-anim-action=\"fadeIn\" data-anim-event=\"parentHover\" data-anim-triggered=\"false\" data-anim-from=\"opacity: 0;\" data-anim-to=\"opacity: 1;\" data-anim-parent=\".blog-cards-container\">\n<div class=\"wp-block-greyd-buttons aligncenter button-ohne-text\">\n<a  href=\"https:\/\/www.graesslin-kunststoffe.de\/perfekt-verbunden-hochvoltstecker-fuer-elektrische-nutzfahrzeuge\/\" title=\"Perfekt verbunden: Hochvoltstecker f\u00fcr elektrische Nutzfahrzeuge\" class=\"button  gs_hHARZp \"  data-anim-action=\"scale\" data-anim-event=\"parentHover\" data-anim-triggered=\"false\" data-anim-from=\"transform: scale(0.9);transform-origin: center center;\" data-anim-to=\"transform: scale(1);\" data-anim-id=\"anim-69afcf025d8a9\" data-anim-parent=\".blog-cards-container\"><span style=\"flex:1\"><\/span><span class=\"arrow_carrot-right\" style=\"vertical-align:middle;font-size:100%;margin-left:10px\" aria-hidden=\"true\"><\/span><\/a><style class=\"greyd-styles\">.gs_hHARZp { background: #ed7e00c4 !important; border-radius: 50px !important; border-top: 0px none var(--wp--preset--color--foreground) !important; border-right: 0px none var(--wp--preset--color--foreground) !important; border-bottom: 0px none var(--wp--preset--color--foreground) !important; border-left: 0px none var(--wp--preset--color--foreground) !important; padding-top: var(--wp--preset--spacing--small) !important; padding-right: var(--wp--preset--spacing--small) !important; padding-bottom: var(--wp--preset--spacing--small) !important; padding-left: var(--wp--preset--spacing--small) !important; } <\/style>\n<\/div>\n<\/div>\n<\/div>\n\n\n\n<div class=\"wp-block-group has-global-padding is-layout-constrained wp-container-core-group-is-layout-19e250f3 wp-block-group-is-layout-constrained\">\n<h3 class=\"wp-block-heading dyn\" style=\"text-transform:none\"><span data-tag=\"title\" data-params=\"&quot;&quot;\" class=\"is-tag\">Beitragstitel<\/span><\/h3>\n\n\n\n<p class=\"dyn\"><span data-tag=\"date\" data-params=\"&quot;&quot;\" class=\"is-tag\">Beitragsdatum<\/span><\/p>\n<\/div>\n\n\n<div class=\"wp-block-post-excerpt\"><p class=\"wp-block-post-excerpt__excerpt\">W\u00e4hrend Elektro-PKWs inzwischen fester Bestandteil unseres Alltags sind, erleben jetzt&hellip; <\/p><\/div><\/div>\n<\/article><article class='query-post wp-block-post post-5466 post type-post status-publish format-standard has-post-thumbnail hentry category-news' data-post='5466'data-title='energiegeladen in die zukunft  danke'data-date='2024-10-29 14:00:00'data-postviews='0'data-index='16'>\n<div class=\"wp-block-group blog-cards-container has-global-padding is-layout-constrained wp-container-core-group-is-layout-f5f3bcb8 wp-block-group-is-layout-constrained gs_LNtDUO has-trigger group_wrap\"><a class=\"hidden-trigger-link\"  href=\"https:\/\/www.graesslin-kunststoffe.de\/energiegeladen-in-die-zukunft-danke\/\" title=\"Energiegeladen in die Zukunft \u2013 Danke!\"><\/a>\n<div id=\"greyd-69afcf025e163\" class=\"wp-block-greyd-box gs_F2LsJ2 greyd-content-box gs_F2LsJ2 flex-justify-space-between\">\n<div id=\"greyd-69afcf025df62\" class=\"wp-block-greyd-box dyn gs_E6ZZgU greyd-content-box gs_E6ZZgU has-background\"><div id='bg_69afcf025dcaf' class='greyd-background'>\n\t\t\t\t\t\t\t\t<div class='bg_image'  data-srcset='{\"150\":\"https:\\\/\\\/www.graesslin-kunststoffe.de\\\/wp-content\\\/uploads\\\/sites\\\/5\\\/2024\\\/10\\\/241029_GrK_Fakuma_2024-150x150.jpg\",\"300\":\"https:\\\/\\\/www.graesslin-kunststoffe.de\\\/wp-content\\\/uploads\\\/sites\\\/5\\\/2024\\\/10\\\/241029_GrK_Fakuma_2024-300x169.jpg\",\"768\":\"https:\\\/\\\/www.graesslin-kunststoffe.de\\\/wp-content\\\/uploads\\\/sites\\\/5\\\/2024\\\/10\\\/241029_GrK_Fakuma_2024-768x432.jpg\",\"1024\":\"https:\\\/\\\/www.graesslin-kunststoffe.de\\\/wp-content\\\/uploads\\\/sites\\\/5\\\/2024\\\/10\\\/241029_GrK_Fakuma_2024-1024x576.jpg\",\"full\":\"https:\\\/\\\/www.graesslin-kunststoffe.de\\\/wp-content\\\/uploads\\\/sites\\\/5\\\/2024\\\/10\\\/241029_GrK_Fakuma_2024.jpg\"}'><\/div>\n\t\t\t\t\t\t\t\t\n\t\t\t\t\t\t\t\t\n\t\t\t\t\t\t\t\t\n\t\t\t\t\t\t\t<\/div><\/div>\n\n\n\n<div class=\"wp-block-greyd-box aligncenter gs_gAETHe greyd-content-box gs_gAETHe flex-justify-center  is-position-absolute\"  data-anim-action=\"fadeIn\" data-anim-event=\"parentHover\" data-anim-triggered=\"false\" data-anim-from=\"opacity: 0;\" data-anim-to=\"opacity: 1;\" data-anim-parent=\".blog-cards-container\">\n<div class=\"wp-block-greyd-buttons aligncenter button-ohne-text\">\n<a  href=\"https:\/\/www.graesslin-kunststoffe.de\/energiegeladen-in-die-zukunft-danke\/\" title=\"Energiegeladen in die Zukunft \u2013 Danke!\" class=\"button  gs_hHARZp \"  data-anim-action=\"scale\" data-anim-event=\"parentHover\" data-anim-triggered=\"false\" data-anim-from=\"transform: scale(0.9);transform-origin: center center;\" data-anim-to=\"transform: scale(1);\" data-anim-id=\"anim-69afcf025e101\" data-anim-parent=\".blog-cards-container\"><span style=\"flex:1\"><\/span><span class=\"arrow_carrot-right\" style=\"vertical-align:middle;font-size:100%;margin-left:10px\" aria-hidden=\"true\"><\/span><\/a><style class=\"greyd-styles\">.gs_hHARZp { background: #ed7e00c4 !important; border-radius: 50px !important; border-top: 0px none var(--wp--preset--color--foreground) !important; border-right: 0px none var(--wp--preset--color--foreground) !important; border-bottom: 0px none var(--wp--preset--color--foreground) !important; border-left: 0px none var(--wp--preset--color--foreground) !important; padding-top: var(--wp--preset--spacing--small) !important; padding-right: var(--wp--preset--spacing--small) !important; padding-bottom: var(--wp--preset--spacing--small) !important; padding-left: var(--wp--preset--spacing--small) !important; } <\/style>\n<\/div>\n<\/div>\n<\/div>\n\n\n\n<div class=\"wp-block-group has-global-padding is-layout-constrained wp-container-core-group-is-layout-19e250f3 wp-block-group-is-layout-constrained\">\n<h3 class=\"wp-block-heading dyn\" style=\"text-transform:none\"><span data-tag=\"title\" data-params=\"&quot;&quot;\" class=\"is-tag\">Beitragstitel<\/span><\/h3>\n\n\n\n<p class=\"dyn\"><span data-tag=\"date\" data-params=\"&quot;&quot;\" class=\"is-tag\">Beitragsdatum<\/span><\/p>\n<\/div>\n\n\n<div class=\"wp-block-post-excerpt\"><p class=\"wp-block-post-excerpt__excerpt\">Energiegeladen in die Zukunft \u2013 Danke! Die Fakuma 2024 hat&hellip; <\/p><\/div><\/div>\n<\/article><article class='query-post wp-block-post post-4652 post type-post status-publish format-standard has-post-thumbnail hentry category-news' data-post='4652'data-title='mit kunststoffen fr die energiewende'data-date='2024-09-24 13:59:07'data-postviews='0'data-index='17'>\n<div class=\"wp-block-group blog-cards-container has-global-padding is-layout-constrained wp-container-core-group-is-layout-f5f3bcb8 wp-block-group-is-layout-constrained gs_LNtDUO has-trigger group_wrap\"><a class=\"hidden-trigger-link\"  href=\"https:\/\/www.graesslin-kunststoffe.de\/mit-kunststoffen-fuer-die-energiewende\/\" title=\"Mit Kunststoffen f\u00fcr die Energiewende\"><\/a>\n<div id=\"greyd-69afcf025ea49\" class=\"wp-block-greyd-box gs_F2LsJ2 greyd-content-box gs_F2LsJ2 flex-justify-space-between\">\n<div id=\"greyd-69afcf025e845\" class=\"wp-block-greyd-box dyn gs_E6ZZgU greyd-content-box gs_E6ZZgU has-background\"><div id='bg_69afcf025e525' class='greyd-background'>\n\t\t\t\t\t\t\t\t<div class='bg_image'  data-srcset='{\"150\":\"https:\\\/\\\/www.graesslin-kunststoffe.de\\\/wp-content\\\/uploads\\\/sites\\\/5\\\/2024\\\/09\\\/graesslin-fakuma-02-150x150.jpg\",\"300\":\"https:\\\/\\\/www.graesslin-kunststoffe.de\\\/wp-content\\\/uploads\\\/sites\\\/5\\\/2024\\\/09\\\/graesslin-fakuma-02-300x175.jpg\",\"768\":\"https:\\\/\\\/www.graesslin-kunststoffe.de\\\/wp-content\\\/uploads\\\/sites\\\/5\\\/2024\\\/09\\\/graesslin-fakuma-02-768x448.jpg\",\"1024\":\"https:\\\/\\\/www.graesslin-kunststoffe.de\\\/wp-content\\\/uploads\\\/sites\\\/5\\\/2024\\\/09\\\/graesslin-fakuma-02-1024x597.jpg\",\"1536\":\"https:\\\/\\\/www.graesslin-kunststoffe.de\\\/wp-content\\\/uploads\\\/sites\\\/5\\\/2024\\\/09\\\/graesslin-fakuma-02-1536x895.jpg\",\"full\":\"https:\\\/\\\/www.graesslin-kunststoffe.de\\\/wp-content\\\/uploads\\\/sites\\\/5\\\/2024\\\/09\\\/graesslin-fakuma-02.jpg\"}'><\/div>\n\t\t\t\t\t\t\t\t\n\t\t\t\t\t\t\t\t\n\t\t\t\t\t\t\t\t\n\t\t\t\t\t\t\t<\/div><\/div>\n\n\n\n<div class=\"wp-block-greyd-box aligncenter gs_gAETHe greyd-content-box gs_gAETHe flex-justify-center  is-position-absolute\"  data-anim-action=\"fadeIn\" data-anim-event=\"parentHover\" data-anim-triggered=\"false\" data-anim-from=\"opacity: 0;\" data-anim-to=\"opacity: 1;\" data-anim-parent=\".blog-cards-container\">\n<div class=\"wp-block-greyd-buttons aligncenter button-ohne-text\">\n<a  href=\"https:\/\/www.graesslin-kunststoffe.de\/mit-kunststoffen-fuer-die-energiewende\/\" title=\"Mit Kunststoffen f\u00fcr die Energiewende\" class=\"button  gs_hHARZp \"  data-anim-action=\"scale\" data-anim-event=\"parentHover\" data-anim-triggered=\"false\" data-anim-from=\"transform: scale(0.9);transform-origin: center center;\" data-anim-to=\"transform: scale(1);\" data-anim-id=\"anim-69afcf025e9e6\" data-anim-parent=\".blog-cards-container\"><span style=\"flex:1\"><\/span><span class=\"arrow_carrot-right\" style=\"vertical-align:middle;font-size:100%;margin-left:10px\" aria-hidden=\"true\"><\/span><\/a><style class=\"greyd-styles\">.gs_hHARZp { background: #ed7e00c4 !important; border-radius: 50px !important; border-top: 0px none var(--wp--preset--color--foreground) !important; border-right: 0px none var(--wp--preset--color--foreground) !important; border-bottom: 0px none var(--wp--preset--color--foreground) !important; border-left: 0px none var(--wp--preset--color--foreground) !important; padding-top: var(--wp--preset--spacing--small) !important; padding-right: var(--wp--preset--spacing--small) !important; padding-bottom: var(--wp--preset--spacing--small) !important; padding-left: var(--wp--preset--spacing--small) !important; } <\/style>\n<\/div>\n<\/div>\n<\/div>\n\n\n\n<div class=\"wp-block-group has-global-padding is-layout-constrained wp-container-core-group-is-layout-19e250f3 wp-block-group-is-layout-constrained\">\n<h3 class=\"wp-block-heading dyn\" style=\"text-transform:none\"><span data-tag=\"title\" data-params=\"&quot;&quot;\" class=\"is-tag\">Beitragstitel<\/span><\/h3>\n\n\n\n<p class=\"dyn\"><span data-tag=\"date\" data-params=\"&quot;&quot;\" class=\"is-tag\">Beitragsdatum<\/span><\/p>\n<\/div>\n\n\n<div class=\"wp-block-post-excerpt\"><p class=\"wp-block-post-excerpt__excerpt\">Die Energiewende ist da. Gr\u00e4sslin Kunststoffe auch! Mit zahlreichen Vorteilen&hellip; <\/p><\/div><\/div>\n<\/article><article class='query-post wp-block-post post-3444 post type-post status-publish format-standard has-post-thumbnail hentry category-news' data-post='3444'data-title='evonik vertriebspartnerschaft'data-date='2024-07-24 11:12:00'data-postviews='0'data-index='18'>\n<div class=\"wp-block-group blog-cards-container has-global-padding is-layout-constrained wp-container-core-group-is-layout-f5f3bcb8 wp-block-group-is-layout-constrained gs_LNtDUO has-trigger group_wrap\"><a class=\"hidden-trigger-link\"  href=\"https:\/\/www.graesslin-kunststoffe.de\/evonik-vertriebspartnerschaft\/\" title=\"Evonik Vertriebspartnerschaft\"><\/a>\n<div id=\"greyd-69afcf025f2b0\" class=\"wp-block-greyd-box gs_F2LsJ2 greyd-content-box gs_F2LsJ2 flex-justify-space-between\">\n<div id=\"greyd-69afcf025f0bd\" class=\"wp-block-greyd-box dyn gs_E6ZZgU greyd-content-box gs_E6ZZgU has-background\"><div id='bg_69afcf025ede2' class='greyd-background'>\n\t\t\t\t\t\t\t\t<div class='bg_image'  data-srcset='{\"150\":\"https:\\\/\\\/www.graesslin-kunststoffe.de\\\/wp-content\\\/uploads\\\/sites\\\/5\\\/2024\\\/07\\\/graesslin-evonik-01-150x150.jpg\",\"300\":\"https:\\\/\\\/www.graesslin-kunststoffe.de\\\/wp-content\\\/uploads\\\/sites\\\/5\\\/2024\\\/07\\\/graesslin-evonik-01-300x185.jpg\",\"768\":\"https:\\\/\\\/www.graesslin-kunststoffe.de\\\/wp-content\\\/uploads\\\/sites\\\/5\\\/2024\\\/07\\\/graesslin-evonik-01-768x474.jpg\",\"1024\":\"https:\\\/\\\/www.graesslin-kunststoffe.de\\\/wp-content\\\/uploads\\\/sites\\\/5\\\/2024\\\/07\\\/graesslin-evonik-01-1024x633.jpg\",\"1536\":\"https:\\\/\\\/www.graesslin-kunststoffe.de\\\/wp-content\\\/uploads\\\/sites\\\/5\\\/2024\\\/07\\\/graesslin-evonik-01-1536x949.jpg\",\"full\":\"https:\\\/\\\/www.graesslin-kunststoffe.de\\\/wp-content\\\/uploads\\\/sites\\\/5\\\/2024\\\/07\\\/graesslin-evonik-01.jpg\"}'><\/div>\n\t\t\t\t\t\t\t\t\n\t\t\t\t\t\t\t\t\n\t\t\t\t\t\t\t\t\n\t\t\t\t\t\t\t<\/div><\/div>\n\n\n\n<div class=\"wp-block-greyd-box aligncenter gs_gAETHe greyd-content-box gs_gAETHe flex-justify-center  is-position-absolute\"  data-anim-action=\"fadeIn\" data-anim-event=\"parentHover\" data-anim-triggered=\"false\" data-anim-from=\"opacity: 0;\" data-anim-to=\"opacity: 1;\" data-anim-parent=\".blog-cards-container\">\n<div class=\"wp-block-greyd-buttons aligncenter button-ohne-text\">\n<a  href=\"https:\/\/www.graesslin-kunststoffe.de\/evonik-vertriebspartnerschaft\/\" title=\"Evonik Vertriebspartnerschaft\" class=\"button  gs_hHARZp \"  data-anim-action=\"scale\" data-anim-event=\"parentHover\" data-anim-triggered=\"false\" data-anim-from=\"transform: scale(0.9);transform-origin: center center;\" data-anim-to=\"transform: scale(1);\" data-anim-id=\"anim-69afcf025f24c\" data-anim-parent=\".blog-cards-container\"><span style=\"flex:1\"><\/span><span class=\"arrow_carrot-right\" style=\"vertical-align:middle;font-size:100%;margin-left:10px\" aria-hidden=\"true\"><\/span><\/a><style class=\"greyd-styles\">.gs_hHARZp { background: #ed7e00c4 !important; border-radius: 50px !important; border-top: 0px none var(--wp--preset--color--foreground) !important; border-right: 0px none var(--wp--preset--color--foreground) !important; border-bottom: 0px none var(--wp--preset--color--foreground) !important; border-left: 0px none var(--wp--preset--color--foreground) !important; padding-top: var(--wp--preset--spacing--small) !important; padding-right: var(--wp--preset--spacing--small) !important; padding-bottom: var(--wp--preset--spacing--small) !important; padding-left: var(--wp--preset--spacing--small) !important; } <\/style>\n<\/div>\n<\/div>\n<\/div>\n\n\n\n<div class=\"wp-block-group has-global-padding is-layout-constrained wp-container-core-group-is-layout-19e250f3 wp-block-group-is-layout-constrained\">\n<h3 class=\"wp-block-heading dyn\" style=\"text-transform:none\"><span data-tag=\"title\" data-params=\"&quot;&quot;\" class=\"is-tag\">Beitragstitel<\/span><\/h3>\n\n\n\n<p class=\"dyn\"><span data-tag=\"date\" data-params=\"&quot;&quot;\" class=\"is-tag\">Beitragsdatum<\/span><\/p>\n<\/div>\n\n\n<div class=\"wp-block-post-excerpt\"><p class=\"wp-block-post-excerpt__excerpt\">Ausweitung der Zusammenarbeit f\u00fcr leistungsf\u00e4hige PA12 Gr\u00e4sslin und Evonik schlie\u00dfen&hellip; <\/p><\/div><\/div>\n<\/article><\/div><div class='query-page' data-page='3'><article class='query-post wp-block-post post-3434 post type-post status-publish format-standard has-post-thumbnail hentry category-news' data-post='3434'data-title='mit uns treffen sie ins schwarze'data-date='2024-07-09 11:04:00'data-postviews='0'data-index='19'>\n<div class=\"wp-block-group blog-cards-container has-global-padding is-layout-constrained wp-container-core-group-is-layout-f5f3bcb8 wp-block-group-is-layout-constrained gs_LNtDUO has-trigger group_wrap\"><a class=\"hidden-trigger-link\"  href=\"https:\/\/www.graesslin-kunststoffe.de\/mit-uns-treffen-sie-ins-schwarze\/\" title=\"Mit uns treffen Sie ins Schwarze!\"><\/a>\n<div id=\"greyd-69afcf025fb7a\" class=\"wp-block-greyd-box gs_F2LsJ2 greyd-content-box gs_F2LsJ2 flex-justify-space-between\">\n<div id=\"greyd-69afcf025f987\" class=\"wp-block-greyd-box dyn gs_E6ZZgU greyd-content-box gs_E6ZZgU has-background\"><div id='bg_69afcf025f646' class='greyd-background'>\n\t\t\t\t\t\t\t\t<div class='bg_image'  data-srcset='{\"150\":\"https:\\\/\\\/www.graesslin-kunststoffe.de\\\/wp-content\\\/uploads\\\/sites\\\/5\\\/2024\\\/07\\\/kunststoff-forum-2024-150x150.jpg\",\"300\":\"https:\\\/\\\/www.graesslin-kunststoffe.de\\\/wp-content\\\/uploads\\\/sites\\\/5\\\/2024\\\/07\\\/kunststoff-forum-2024-300x200.jpg\",\"768\":\"https:\\\/\\\/www.graesslin-kunststoffe.de\\\/wp-content\\\/uploads\\\/sites\\\/5\\\/2024\\\/07\\\/kunststoff-forum-2024-768x512.jpg\",\"1024\":\"https:\\\/\\\/www.graesslin-kunststoffe.de\\\/wp-content\\\/uploads\\\/sites\\\/5\\\/2024\\\/07\\\/kunststoff-forum-2024-1024x683.jpg\",\"full\":\"https:\\\/\\\/www.graesslin-kunststoffe.de\\\/wp-content\\\/uploads\\\/sites\\\/5\\\/2024\\\/07\\\/kunststoff-forum-2024.jpg\"}'><\/div>\n\t\t\t\t\t\t\t\t\n\t\t\t\t\t\t\t\t\n\t\t\t\t\t\t\t\t\n\t\t\t\t\t\t\t<\/div><\/div>\n\n\n\n<div class=\"wp-block-greyd-box aligncenter gs_gAETHe greyd-content-box gs_gAETHe flex-justify-center  is-position-absolute\"  data-anim-action=\"fadeIn\" data-anim-event=\"parentHover\" data-anim-triggered=\"false\" data-anim-from=\"opacity: 0;\" data-anim-to=\"opacity: 1;\" data-anim-parent=\".blog-cards-container\">\n<div class=\"wp-block-greyd-buttons aligncenter button-ohne-text\">\n<a  href=\"https:\/\/www.graesslin-kunststoffe.de\/mit-uns-treffen-sie-ins-schwarze\/\" title=\"Mit uns treffen Sie ins Schwarze!\" class=\"button  gs_hHARZp \"  data-anim-action=\"scale\" data-anim-event=\"parentHover\" data-anim-triggered=\"false\" data-anim-from=\"transform: scale(0.9);transform-origin: center center;\" data-anim-to=\"transform: scale(1);\" data-anim-id=\"anim-69afcf025fb17\" data-anim-parent=\".blog-cards-container\"><span style=\"flex:1\"><\/span><span class=\"arrow_carrot-right\" style=\"vertical-align:middle;font-size:100%;margin-left:10px\" aria-hidden=\"true\"><\/span><\/a><style class=\"greyd-styles\">.gs_hHARZp { background: #ed7e00c4 !important; border-radius: 50px !important; border-top: 0px none var(--wp--preset--color--foreground) !important; border-right: 0px none var(--wp--preset--color--foreground) !important; border-bottom: 0px none var(--wp--preset--color--foreground) !important; border-left: 0px none var(--wp--preset--color--foreground) !important; padding-top: var(--wp--preset--spacing--small) !important; padding-right: var(--wp--preset--spacing--small) !important; padding-bottom: var(--wp--preset--spacing--small) !important; padding-left: var(--wp--preset--spacing--small) !important; } <\/style>\n<\/div>\n<\/div>\n<\/div>\n\n\n\n<div class=\"wp-block-group has-global-padding is-layout-constrained wp-container-core-group-is-layout-19e250f3 wp-block-group-is-layout-constrained\">\n<h3 class=\"wp-block-heading dyn\" style=\"text-transform:none\"><span data-tag=\"title\" data-params=\"&quot;&quot;\" class=\"is-tag\">Beitragstitel<\/span><\/h3>\n\n\n\n<p class=\"dyn\"><span data-tag=\"date\" data-params=\"&quot;&quot;\" class=\"is-tag\">Beitragsdatum<\/span><\/p>\n<\/div>\n\n\n<div class=\"wp-block-post-excerpt\"><p class=\"wp-block-post-excerpt__excerpt\">Das war das 4. Kirchlengerner Kunststoff-Forum Mehr als 200 Besucherinnen&hellip; <\/p><\/div><\/div>\n<\/article><article class='query-post wp-block-post post-3396 post type-post status-publish format-standard has-post-thumbnail hentry category-news' data-post='3396'data-title='blhende unternehmen'data-date='2024-06-19 10:45:00'data-postviews='0'data-index='20'>\n<div class=\"wp-block-group blog-cards-container has-global-padding is-layout-constrained wp-container-core-group-is-layout-f5f3bcb8 wp-block-group-is-layout-constrained gs_LNtDUO has-trigger group_wrap\"><a class=\"hidden-trigger-link\"  href=\"https:\/\/www.graesslin-kunststoffe.de\/bluehende-unternehmen\/\" title=\"Bl\u00fchende Unternehmen\"><\/a>\n<div id=\"greyd-69afcf0260454\" class=\"wp-block-greyd-box gs_F2LsJ2 greyd-content-box gs_F2LsJ2 flex-justify-space-between\">\n<div id=\"greyd-69afcf0260268\" class=\"wp-block-greyd-box dyn gs_E6ZZgU greyd-content-box gs_E6ZZgU has-background\"><div id='bg_69afcf025ff10' class='greyd-background'>\n\t\t\t\t\t\t\t\t<div class='bg_image'  data-srcset='{\"150\":\"https:\\\/\\\/www.graesslin-kunststoffe.de\\\/wp-content\\\/uploads\\\/sites\\\/5\\\/2025\\\/05\\\/photo-2024-06-18-10-08-17-150x150.jpg\",\"300\":\"https:\\\/\\\/www.graesslin-kunststoffe.de\\\/wp-content\\\/uploads\\\/sites\\\/5\\\/2025\\\/05\\\/photo-2024-06-18-10-08-17-300x225.jpg\",\"768\":\"https:\\\/\\\/www.graesslin-kunststoffe.de\\\/wp-content\\\/uploads\\\/sites\\\/5\\\/2025\\\/05\\\/photo-2024-06-18-10-08-17-768x576.jpg\",\"1024\":\"https:\\\/\\\/www.graesslin-kunststoffe.de\\\/wp-content\\\/uploads\\\/sites\\\/5\\\/2025\\\/05\\\/photo-2024-06-18-10-08-17-1024x768.jpg\",\"full\":\"https:\\\/\\\/www.graesslin-kunststoffe.de\\\/wp-content\\\/uploads\\\/sites\\\/5\\\/2025\\\/05\\\/photo-2024-06-18-10-08-17.jpg\"}'><\/div>\n\t\t\t\t\t\t\t\t\n\t\t\t\t\t\t\t\t\n\t\t\t\t\t\t\t\t\n\t\t\t\t\t\t\t<\/div><\/div>\n\n\n\n<div class=\"wp-block-greyd-box aligncenter gs_gAETHe greyd-content-box gs_gAETHe flex-justify-center  is-position-absolute\"  data-anim-action=\"fadeIn\" data-anim-event=\"parentHover\" data-anim-triggered=\"false\" data-anim-from=\"opacity: 0;\" data-anim-to=\"opacity: 1;\" data-anim-parent=\".blog-cards-container\">\n<div class=\"wp-block-greyd-buttons aligncenter button-ohne-text\">\n<a  href=\"https:\/\/www.graesslin-kunststoffe.de\/bluehende-unternehmen\/\" title=\"Bl\u00fchende Unternehmen\" class=\"button  gs_hHARZp \"  data-anim-action=\"scale\" data-anim-event=\"parentHover\" data-anim-triggered=\"false\" data-anim-from=\"transform: scale(0.9);transform-origin: center center;\" data-anim-to=\"transform: scale(1);\" data-anim-id=\"anim-69afcf02603f3\" data-anim-parent=\".blog-cards-container\"><span style=\"flex:1\"><\/span><span class=\"arrow_carrot-right\" style=\"vertical-align:middle;font-size:100%;margin-left:10px\" aria-hidden=\"true\"><\/span><\/a><style class=\"greyd-styles\">.gs_hHARZp { background: #ed7e00c4 !important; border-radius: 50px !important; border-top: 0px none var(--wp--preset--color--foreground) !important; border-right: 0px none var(--wp--preset--color--foreground) !important; border-bottom: 0px none var(--wp--preset--color--foreground) !important; border-left: 0px none var(--wp--preset--color--foreground) !important; padding-top: var(--wp--preset--spacing--small) !important; padding-right: var(--wp--preset--spacing--small) !important; padding-bottom: var(--wp--preset--spacing--small) !important; padding-left: var(--wp--preset--spacing--small) !important; } <\/style>\n<\/div>\n<\/div>\n<\/div>\n\n\n\n<div class=\"wp-block-group has-global-padding is-layout-constrained wp-container-core-group-is-layout-19e250f3 wp-block-group-is-layout-constrained\">\n<h3 class=\"wp-block-heading dyn\" style=\"text-transform:none\"><span data-tag=\"title\" data-params=\"&quot;&quot;\" class=\"is-tag\">Beitragstitel<\/span><\/h3>\n\n\n\n<p class=\"dyn\"><span data-tag=\"date\" data-params=\"&quot;&quot;\" class=\"is-tag\">Beitragsdatum<\/span><\/p>\n<\/div>\n\n\n<div class=\"wp-block-post-excerpt\"><p class=\"wp-block-post-excerpt__excerpt\">Eine gr\u00fcne Oase mitten auf dem Firmengel\u00e4nde Gr\u00e4sslin wandelt 3,5&hellip; <\/p><\/div><\/div>\n<\/article><article class='query-post wp-block-post post-3375 post type-post status-publish format-standard has-post-thumbnail hentry category-news' data-post='3375'data-title='4 kirchlengerner kunststoffforum'data-date='2024-06-05 10:22:00'data-postviews='0'data-index='21'>\n<div class=\"wp-block-group blog-cards-container has-global-padding is-layout-constrained wp-container-core-group-is-layout-f5f3bcb8 wp-block-group-is-layout-constrained gs_LNtDUO has-trigger group_wrap\"><a class=\"hidden-trigger-link\"  href=\"https:\/\/www.graesslin-kunststoffe.de\/4-kirchlengerner-kunststoff-forum\/\" title=\"4. Kirchlengerner Kunststoff-Forum\"><\/a>\n<div id=\"greyd-69afcf0260d05\" class=\"wp-block-greyd-box gs_F2LsJ2 greyd-content-box gs_F2LsJ2 flex-justify-space-between\">\n<div id=\"greyd-69afcf0260b05\" class=\"wp-block-greyd-box dyn gs_E6ZZgU greyd-content-box gs_E6ZZgU has-background\"><div id='bg_69afcf02607f9' class='greyd-background'>\n\t\t\t\t\t\t\t\t<div class='bg_image'  data-srcset='{\"150\":\"https:\\\/\\\/www.graesslin-kunststoffe.de\\\/wp-content\\\/uploads\\\/sites\\\/5\\\/2024\\\/06\\\/graesslintechnologietage-02-e1726133702134-150x150.jpg\",\"300\":\"https:\\\/\\\/www.graesslin-kunststoffe.de\\\/wp-content\\\/uploads\\\/sites\\\/5\\\/2024\\\/06\\\/graesslintechnologietage-02-e1726133702134-300x178.jpg\",\"768\":\"https:\\\/\\\/www.graesslin-kunststoffe.de\\\/wp-content\\\/uploads\\\/sites\\\/5\\\/2024\\\/06\\\/graesslintechnologietage-02-e1726133702134-768x457.jpg\",\"1024\":\"https:\\\/\\\/www.graesslin-kunststoffe.de\\\/wp-content\\\/uploads\\\/sites\\\/5\\\/2024\\\/06\\\/graesslintechnologietage-02-e1726133702134-1024x609.jpg\",\"full\":\"https:\\\/\\\/www.graesslin-kunststoffe.de\\\/wp-content\\\/uploads\\\/sites\\\/5\\\/2024\\\/06\\\/graesslintechnologietage-02-e1726133702134.jpg\"}'><\/div>\n\t\t\t\t\t\t\t\t\n\t\t\t\t\t\t\t\t\n\t\t\t\t\t\t\t\t\n\t\t\t\t\t\t\t<\/div><\/div>\n\n\n\n<div class=\"wp-block-greyd-box aligncenter gs_gAETHe greyd-content-box gs_gAETHe flex-justify-center  is-position-absolute\"  data-anim-action=\"fadeIn\" data-anim-event=\"parentHover\" data-anim-triggered=\"false\" data-anim-from=\"opacity: 0;\" data-anim-to=\"opacity: 1;\" data-anim-parent=\".blog-cards-container\">\n<div class=\"wp-block-greyd-buttons aligncenter button-ohne-text\">\n<a  href=\"https:\/\/www.graesslin-kunststoffe.de\/4-kirchlengerner-kunststoff-forum\/\" title=\"4. Kirchlengerner Kunststoff-Forum\" class=\"button  gs_hHARZp \"  data-anim-action=\"scale\" data-anim-event=\"parentHover\" data-anim-triggered=\"false\" data-anim-from=\"transform: scale(0.9);transform-origin: center center;\" data-anim-to=\"transform: scale(1);\" data-anim-id=\"anim-69afcf0260ca2\" data-anim-parent=\".blog-cards-container\"><span style=\"flex:1\"><\/span><span class=\"arrow_carrot-right\" style=\"vertical-align:middle;font-size:100%;margin-left:10px\" aria-hidden=\"true\"><\/span><\/a><style class=\"greyd-styles\">.gs_hHARZp { background: #ed7e00c4 !important; border-radius: 50px !important; border-top: 0px none var(--wp--preset--color--foreground) !important; border-right: 0px none var(--wp--preset--color--foreground) !important; border-bottom: 0px none var(--wp--preset--color--foreground) !important; border-left: 0px none var(--wp--preset--color--foreground) !important; padding-top: var(--wp--preset--spacing--small) !important; padding-right: var(--wp--preset--spacing--small) !important; padding-bottom: var(--wp--preset--spacing--small) !important; padding-left: var(--wp--preset--spacing--small) !important; } <\/style>\n<\/div>\n<\/div>\n<\/div>\n\n\n\n<div class=\"wp-block-group has-global-padding is-layout-constrained wp-container-core-group-is-layout-19e250f3 wp-block-group-is-layout-constrained\">\n<h3 class=\"wp-block-heading dyn\" style=\"text-transform:none\"><span data-tag=\"title\" data-params=\"&quot;&quot;\" class=\"is-tag\">Beitragstitel<\/span><\/h3>\n\n\n\n<p class=\"dyn\"><span data-tag=\"date\" data-params=\"&quot;&quot;\" class=\"is-tag\">Beitragsdatum<\/span><\/p>\n<\/div>\n\n\n<div class=\"wp-block-post-excerpt\"><p class=\"wp-block-post-excerpt__excerpt\">Mit uns treffen Sie ins Schwarze \u2013 4. Kirchlengerner Kunststoff-Forum&hellip; <\/p><\/div><\/div>\n<\/article><article class='query-post wp-block-post post-3365 post type-post status-publish format-standard has-post-thumbnail hentry category-news' data-post='3365'data-title='biopolymer kongress 2024'data-date='2024-05-29 10:16:00'data-postviews='0'data-index='22'>\n<div class=\"wp-block-group blog-cards-container has-global-padding is-layout-constrained wp-container-core-group-is-layout-f5f3bcb8 wp-block-group-is-layout-constrained gs_LNtDUO has-trigger group_wrap\"><a class=\"hidden-trigger-link\"  href=\"https:\/\/www.graesslin-kunststoffe.de\/biopolymer-kongress-2024\/\" title=\"BIOPOLYMER Kongress 2024\"><\/a>\n<div id=\"greyd-69afcf026153e\" class=\"wp-block-greyd-box gs_F2LsJ2 greyd-content-box gs_F2LsJ2 flex-justify-space-between\">\n<div id=\"greyd-69afcf0261356\" class=\"wp-block-greyd-box dyn gs_E6ZZgU greyd-content-box gs_E6ZZgU has-background\"><div id='bg_69afcf026109e' class='greyd-background'>\n\t\t\t\t\t\t\t\t<div class='bg_image'  data-srcset='{\"150\":\"https:\\\/\\\/www.graesslin-kunststoffe.de\\\/wp-content\\\/uploads\\\/sites\\\/5\\\/2024\\\/05\\\/2024-registernow-ger-150x150.jpg\",\"300\":\"https:\\\/\\\/www.graesslin-kunststoffe.de\\\/wp-content\\\/uploads\\\/sites\\\/5\\\/2024\\\/05\\\/2024-registernow-ger-300x300.jpg\",\"768\":\"https:\\\/\\\/www.graesslin-kunststoffe.de\\\/wp-content\\\/uploads\\\/sites\\\/5\\\/2024\\\/05\\\/2024-registernow-ger-768x768.jpg\",\"1024\":\"https:\\\/\\\/www.graesslin-kunststoffe.de\\\/wp-content\\\/uploads\\\/sites\\\/5\\\/2024\\\/05\\\/2024-registernow-ger-1024x1024.jpg\",\"full\":\"https:\\\/\\\/www.graesslin-kunststoffe.de\\\/wp-content\\\/uploads\\\/sites\\\/5\\\/2024\\\/05\\\/2024-registernow-ger.jpg\"}'><\/div>\n\t\t\t\t\t\t\t\t\n\t\t\t\t\t\t\t\t\n\t\t\t\t\t\t\t\t\n\t\t\t\t\t\t\t<\/div><\/div>\n\n\n\n<div class=\"wp-block-greyd-box aligncenter gs_gAETHe greyd-content-box gs_gAETHe flex-justify-center  is-position-absolute\"  data-anim-action=\"fadeIn\" data-anim-event=\"parentHover\" data-anim-triggered=\"false\" data-anim-from=\"opacity: 0;\" data-anim-to=\"opacity: 1;\" data-anim-parent=\".blog-cards-container\">\n<div class=\"wp-block-greyd-buttons aligncenter button-ohne-text\">\n<a  href=\"https:\/\/www.graesslin-kunststoffe.de\/biopolymer-kongress-2024\/\" title=\"BIOPOLYMER Kongress 2024\" class=\"button  gs_hHARZp \"  data-anim-action=\"scale\" data-anim-event=\"parentHover\" data-anim-triggered=\"false\" data-anim-from=\"transform: scale(0.9);transform-origin: center center;\" data-anim-to=\"transform: scale(1);\" data-anim-id=\"anim-69afcf02614db\" data-anim-parent=\".blog-cards-container\"><span style=\"flex:1\"><\/span><span class=\"arrow_carrot-right\" style=\"vertical-align:middle;font-size:100%;margin-left:10px\" aria-hidden=\"true\"><\/span><\/a><style class=\"greyd-styles\">.gs_hHARZp { background: #ed7e00c4 !important; border-radius: 50px !important; border-top: 0px none var(--wp--preset--color--foreground) !important; border-right: 0px none var(--wp--preset--color--foreground) !important; border-bottom: 0px none var(--wp--preset--color--foreground) !important; border-left: 0px none var(--wp--preset--color--foreground) !important; padding-top: var(--wp--preset--spacing--small) !important; padding-right: var(--wp--preset--spacing--small) !important; padding-bottom: var(--wp--preset--spacing--small) !important; padding-left: var(--wp--preset--spacing--small) !important; } <\/style>\n<\/div>\n<\/div>\n<\/div>\n\n\n\n<div class=\"wp-block-group has-global-padding is-layout-constrained wp-container-core-group-is-layout-19e250f3 wp-block-group-is-layout-constrained\">\n<h3 class=\"wp-block-heading dyn\" style=\"text-transform:none\"><span data-tag=\"title\" data-params=\"&quot;&quot;\" class=\"is-tag\">Beitragstitel<\/span><\/h3>\n\n\n\n<p class=\"dyn\"><span data-tag=\"date\" data-params=\"&quot;&quot;\" class=\"is-tag\">Beitragsdatum<\/span><\/p>\n<\/div>\n\n\n<div class=\"wp-block-post-excerpt\"><p class=\"wp-block-post-excerpt__excerpt\">GR\u00c4SSLIN als Partner beim BIOPOLYMER Kongress 2024 Wenn es am&hellip; <\/p><\/div><\/div>\n<\/article><article class='query-post wp-block-post post-3340 post type-post status-publish format-standard has-post-thumbnail hentry category-news' data-post='3340'data-title='zukunft nachhaltiger werkstoffe'data-date='2024-05-23 20:58:00'data-postviews='0'data-index='23'>\n<div class=\"wp-block-group blog-cards-container has-global-padding is-layout-constrained wp-container-core-group-is-layout-f5f3bcb8 wp-block-group-is-layout-constrained gs_LNtDUO has-trigger group_wrap\"><a class=\"hidden-trigger-link\"  href=\"https:\/\/www.graesslin-kunststoffe.de\/zukunft-nachhaltiger-werkstoffe\/\" title=\"Zukunft nachhaltiger Werkstoffe\"><\/a>\n<div id=\"greyd-69afcf0261e1b\" class=\"wp-block-greyd-box gs_F2LsJ2 greyd-content-box gs_F2LsJ2 flex-justify-space-between\">\n<div id=\"greyd-69afcf0261c26\" class=\"wp-block-greyd-box dyn gs_E6ZZgU greyd-content-box gs_E6ZZgU has-background\"><div id='bg_69afcf02618e5' class='greyd-background'>\n\t\t\t\t\t\t\t\t<div class='bg_image'  data-srcset='{\"150\":\"https:\\\/\\\/www.graesslin-kunststoffe.de\\\/wp-content\\\/uploads\\\/sites\\\/5\\\/2024\\\/05\\\/holger-popp-peter-putsch-quer-150x150.jpeg\",\"300\":\"https:\\\/\\\/www.graesslin-kunststoffe.de\\\/wp-content\\\/uploads\\\/sites\\\/5\\\/2024\\\/05\\\/holger-popp-peter-putsch-quer-300x200.jpeg\",\"768\":\"https:\\\/\\\/www.graesslin-kunststoffe.de\\\/wp-content\\\/uploads\\\/sites\\\/5\\\/2024\\\/05\\\/holger-popp-peter-putsch-quer-768x512.jpeg\",\"1024\":\"https:\\\/\\\/www.graesslin-kunststoffe.de\\\/wp-content\\\/uploads\\\/sites\\\/5\\\/2024\\\/05\\\/holger-popp-peter-putsch-quer-1024x683.jpeg\",\"full\":\"https:\\\/\\\/www.graesslin-kunststoffe.de\\\/wp-content\\\/uploads\\\/sites\\\/5\\\/2024\\\/05\\\/holger-popp-peter-putsch-quer.jpeg\"}'><\/div>\n\t\t\t\t\t\t\t\t\n\t\t\t\t\t\t\t\t\n\t\t\t\t\t\t\t\t\n\t\t\t\t\t\t\t<\/div><\/div>\n\n\n\n<div class=\"wp-block-greyd-box aligncenter gs_gAETHe greyd-content-box gs_gAETHe flex-justify-center  is-position-absolute\"  data-anim-action=\"fadeIn\" data-anim-event=\"parentHover\" data-anim-triggered=\"false\" data-anim-from=\"opacity: 0;\" data-anim-to=\"opacity: 1;\" data-anim-parent=\".blog-cards-container\">\n<div class=\"wp-block-greyd-buttons aligncenter button-ohne-text\">\n<a  href=\"https:\/\/www.graesslin-kunststoffe.de\/zukunft-nachhaltiger-werkstoffe\/\" title=\"Zukunft nachhaltiger Werkstoffe\" class=\"button  gs_hHARZp \"  data-anim-action=\"scale\" data-anim-event=\"parentHover\" data-anim-triggered=\"false\" data-anim-from=\"transform: scale(0.9);transform-origin: center center;\" data-anim-to=\"transform: scale(1);\" data-anim-id=\"anim-69afcf0261db8\" data-anim-parent=\".blog-cards-container\"><span style=\"flex:1\"><\/span><span class=\"arrow_carrot-right\" style=\"vertical-align:middle;font-size:100%;margin-left:10px\" aria-hidden=\"true\"><\/span><\/a><style class=\"greyd-styles\">.gs_hHARZp { background: #ed7e00c4 !important; border-radius: 50px !important; border-top: 0px none var(--wp--preset--color--foreground) !important; border-right: 0px none var(--wp--preset--color--foreground) !important; border-bottom: 0px none var(--wp--preset--color--foreground) !important; border-left: 0px none var(--wp--preset--color--foreground) !important; padding-top: var(--wp--preset--spacing--small) !important; padding-right: var(--wp--preset--spacing--small) !important; padding-bottom: var(--wp--preset--spacing--small) !important; padding-left: var(--wp--preset--spacing--small) !important; } <\/style>\n<\/div>\n<\/div>\n<\/div>\n\n\n\n<div class=\"wp-block-group has-global-padding is-layout-constrained wp-container-core-group-is-layout-19e250f3 wp-block-group-is-layout-constrained\">\n<h3 class=\"wp-block-heading dyn\" style=\"text-transform:none\"><span data-tag=\"title\" data-params=\"&quot;&quot;\" class=\"is-tag\">Beitragstitel<\/span><\/h3>\n\n\n\n<p class=\"dyn\"><span data-tag=\"date\" data-params=\"&quot;&quot;\" class=\"is-tag\">Beitragsdatum<\/span><\/p>\n<\/div>\n\n\n<div class=\"wp-block-post-excerpt\"><p class=\"wp-block-post-excerpt__excerpt\">Wichtiger Schritt auf dem Weg in die Zukunft nachhaltiger Werkstoffe&hellip; <\/p><\/div><\/div>\n<\/article><article class='query-post wp-block-post post-3332 post type-post status-publish format-standard has-post-thumbnail hentry category-news' data-post='3332'data-title='impetus plastics engineering'data-date='2024-01-23 20:53:00'data-postviews='0'data-index='24'>\n<div class=\"wp-block-group blog-cards-container has-global-padding is-layout-constrained wp-container-core-group-is-layout-f5f3bcb8 wp-block-group-is-layout-constrained gs_LNtDUO has-trigger group_wrap\"><a class=\"hidden-trigger-link\"  href=\"https:\/\/www.graesslin-kunststoffe.de\/impetus-plastics-engineering\/\" title=\"Impetus Plastics Engineering\"><\/a>\n<div id=\"greyd-69afcf02626bc\" class=\"wp-block-greyd-box gs_F2LsJ2 greyd-content-box gs_F2LsJ2 flex-justify-space-between\">\n<div id=\"greyd-69afcf02624d3\" class=\"wp-block-greyd-box dyn gs_E6ZZgU greyd-content-box gs_E6ZZgU has-background\"><div id='bg_69afcf02621c2' class='greyd-background'>\n\t\t\t\t\t\t\t\t<div class='bg_image'  data-srcset='{\"150\":\"https:\\\/\\\/www.graesslin-kunststoffe.de\\\/wp-content\\\/uploads\\\/sites\\\/5\\\/2025\\\/04\\\/gebaude-grasslin-150x150.jpg\",\"300\":\"https:\\\/\\\/www.graesslin-kunststoffe.de\\\/wp-content\\\/uploads\\\/sites\\\/5\\\/2025\\\/04\\\/gebaude-grasslin-300x253.jpg\",\"768\":\"https:\\\/\\\/www.graesslin-kunststoffe.de\\\/wp-content\\\/uploads\\\/sites\\\/5\\\/2025\\\/04\\\/gebaude-grasslin-768x648.jpg\",\"1024\":\"https:\\\/\\\/www.graesslin-kunststoffe.de\\\/wp-content\\\/uploads\\\/sites\\\/5\\\/2025\\\/04\\\/gebaude-grasslin-1024x864.jpg\",\"full\":\"https:\\\/\\\/www.graesslin-kunststoffe.de\\\/wp-content\\\/uploads\\\/sites\\\/5\\\/2025\\\/04\\\/gebaude-grasslin.jpg\"}'><\/div>\n\t\t\t\t\t\t\t\t\n\t\t\t\t\t\t\t\t\n\t\t\t\t\t\t\t\t\n\t\t\t\t\t\t\t<\/div><\/div>\n\n\n\n<div class=\"wp-block-greyd-box aligncenter gs_gAETHe greyd-content-box gs_gAETHe flex-justify-center  is-position-absolute\"  data-anim-action=\"fadeIn\" data-anim-event=\"parentHover\" data-anim-triggered=\"false\" data-anim-from=\"opacity: 0;\" data-anim-to=\"opacity: 1;\" data-anim-parent=\".blog-cards-container\">\n<div class=\"wp-block-greyd-buttons aligncenter button-ohne-text\">\n<a  href=\"https:\/\/www.graesslin-kunststoffe.de\/impetus-plastics-engineering\/\" title=\"Impetus Plastics Engineering\" class=\"button  gs_hHARZp \"  data-anim-action=\"scale\" data-anim-event=\"parentHover\" data-anim-triggered=\"false\" data-anim-from=\"transform: scale(0.9);transform-origin: center center;\" data-anim-to=\"transform: scale(1);\" data-anim-id=\"anim-69afcf026265c\" data-anim-parent=\".blog-cards-container\"><span style=\"flex:1\"><\/span><span class=\"arrow_carrot-right\" style=\"vertical-align:middle;font-size:100%;margin-left:10px\" aria-hidden=\"true\"><\/span><\/a><style class=\"greyd-styles\">.gs_hHARZp { background: #ed7e00c4 !important; border-radius: 50px !important; border-top: 0px none var(--wp--preset--color--foreground) !important; border-right: 0px none var(--wp--preset--color--foreground) !important; border-bottom: 0px none var(--wp--preset--color--foreground) !important; border-left: 0px none var(--wp--preset--color--foreground) !important; padding-top: var(--wp--preset--spacing--small) !important; padding-right: var(--wp--preset--spacing--small) !important; padding-bottom: var(--wp--preset--spacing--small) !important; padding-left: var(--wp--preset--spacing--small) !important; } <\/style>\n<\/div>\n<\/div>\n<\/div>\n\n\n\n<div class=\"wp-block-group has-global-padding is-layout-constrained wp-container-core-group-is-layout-19e250f3 wp-block-group-is-layout-constrained\">\n<h3 class=\"wp-block-heading dyn\" style=\"text-transform:none\"><span data-tag=\"title\" data-params=\"&quot;&quot;\" class=\"is-tag\">Beitragstitel<\/span><\/h3>\n\n\n\n<p class=\"dyn\"><span data-tag=\"date\" data-params=\"&quot;&quot;\" class=\"is-tag\">Beitragsdatum<\/span><\/p>\n<\/div>\n\n\n<div class=\"wp-block-post-excerpt\"><p class=\"wp-block-post-excerpt__excerpt\">Hromatka Gruppe und Impetus Plastics Engineering gehen gemeinsame Wege Hromatka&hellip; <\/p><\/div><\/div>\n<\/article><article class='query-post wp-block-post post-3321 post type-post status-publish format-standard has-post-thumbnail hentry category-news' data-post='3321'data-title='fakuma 2023 ein voller erfolg'data-date='2023-11-01 20:48:00'data-postviews='0'data-index='25'>\n<div class=\"wp-block-group blog-cards-container has-global-padding is-layout-constrained wp-container-core-group-is-layout-f5f3bcb8 wp-block-group-is-layout-constrained gs_LNtDUO has-trigger group_wrap\"><a class=\"hidden-trigger-link\"  href=\"https:\/\/www.graesslin-kunststoffe.de\/fakuma-2023-ein-voller-erfolg\/\" title=\"FAKUMA 2023 ein voller Erfolg\"><\/a>\n<div id=\"greyd-69afcf0262f96\" class=\"wp-block-greyd-box gs_F2LsJ2 greyd-content-box gs_F2LsJ2 flex-justify-space-between\">\n<div id=\"greyd-69afcf0262d8d\" class=\"wp-block-greyd-box dyn gs_E6ZZgU greyd-content-box gs_E6ZZgU has-background\"><div id='bg_69afcf0262a4c' class='greyd-background'>\n\t\t\t\t\t\t\t\t<div class='bg_image'  data-srcset='{\"150\":\"https:\\\/\\\/www.graesslin-kunststoffe.de\\\/wp-content\\\/uploads\\\/sites\\\/5\\\/2023\\\/11\\\/231108-grk-fakuma-header-150x150.jpg\",\"300\":\"https:\\\/\\\/www.graesslin-kunststoffe.de\\\/wp-content\\\/uploads\\\/sites\\\/5\\\/2023\\\/11\\\/231108-grk-fakuma-header-300x169.jpg\",\"768\":\"https:\\\/\\\/www.graesslin-kunststoffe.de\\\/wp-content\\\/uploads\\\/sites\\\/5\\\/2023\\\/11\\\/231108-grk-fakuma-header-768x432.jpg\",\"1024\":\"https:\\\/\\\/www.graesslin-kunststoffe.de\\\/wp-content\\\/uploads\\\/sites\\\/5\\\/2023\\\/11\\\/231108-grk-fakuma-header-1024x576.jpg\",\"full\":\"https:\\\/\\\/www.graesslin-kunststoffe.de\\\/wp-content\\\/uploads\\\/sites\\\/5\\\/2023\\\/11\\\/231108-grk-fakuma-header.jpg\"}'><\/div>\n\t\t\t\t\t\t\t\t\n\t\t\t\t\t\t\t\t\n\t\t\t\t\t\t\t\t\n\t\t\t\t\t\t\t<\/div><\/div>\n\n\n\n<div class=\"wp-block-greyd-box aligncenter gs_gAETHe greyd-content-box gs_gAETHe flex-justify-center  is-position-absolute\"  data-anim-action=\"fadeIn\" data-anim-event=\"parentHover\" data-anim-triggered=\"false\" data-anim-from=\"opacity: 0;\" data-anim-to=\"opacity: 1;\" data-anim-parent=\".blog-cards-container\">\n<div class=\"wp-block-greyd-buttons aligncenter button-ohne-text\">\n<a  href=\"https:\/\/www.graesslin-kunststoffe.de\/fakuma-2023-ein-voller-erfolg\/\" title=\"FAKUMA 2023 ein voller Erfolg\" class=\"button  gs_hHARZp \"  data-anim-action=\"scale\" data-anim-event=\"parentHover\" data-anim-triggered=\"false\" data-anim-from=\"transform: scale(0.9);transform-origin: center center;\" data-anim-to=\"transform: scale(1);\" data-anim-id=\"anim-69afcf0262f35\" data-anim-parent=\".blog-cards-container\"><span style=\"flex:1\"><\/span><span class=\"arrow_carrot-right\" style=\"vertical-align:middle;font-size:100%;margin-left:10px\" aria-hidden=\"true\"><\/span><\/a><style class=\"greyd-styles\">.gs_hHARZp { background: #ed7e00c4 !important; border-radius: 50px !important; border-top: 0px none var(--wp--preset--color--foreground) !important; border-right: 0px none var(--wp--preset--color--foreground) !important; border-bottom: 0px none var(--wp--preset--color--foreground) !important; border-left: 0px none var(--wp--preset--color--foreground) !important; padding-top: var(--wp--preset--spacing--small) !important; padding-right: var(--wp--preset--spacing--small) !important; padding-bottom: var(--wp--preset--spacing--small) !important; padding-left: var(--wp--preset--spacing--small) !important; } <\/style>\n<\/div>\n<\/div>\n<\/div>\n\n\n\n<div class=\"wp-block-group has-global-padding is-layout-constrained wp-container-core-group-is-layout-19e250f3 wp-block-group-is-layout-constrained\">\n<h3 class=\"wp-block-heading dyn\" style=\"text-transform:none\"><span data-tag=\"title\" data-params=\"&quot;&quot;\" class=\"is-tag\">Beitragstitel<\/span><\/h3>\n\n\n\n<p class=\"dyn\"><span data-tag=\"date\" data-params=\"&quot;&quot;\" class=\"is-tag\">Beitragsdatum<\/span><\/p>\n<\/div>\n\n\n<div class=\"wp-block-post-excerpt\"><p class=\"wp-block-post-excerpt__excerpt\">Wir haben \u201eFire\u201c-Abend und sagen Danke! 5 Tage \u201eWe are&hellip; <\/p><\/div><\/div>\n<\/article><article class='query-post wp-block-post post-3301 post type-post status-publish format-standard has-post-thumbnail hentry category-news' data-post='3301'data-title='fakuma flammschutz fireabend'data-date='2023-09-01 16:50:00'data-postviews='0'data-index='26'>\n<div class=\"wp-block-group blog-cards-container has-global-padding is-layout-constrained wp-container-core-group-is-layout-f5f3bcb8 wp-block-group-is-layout-constrained gs_LNtDUO has-trigger group_wrap\"><a class=\"hidden-trigger-link\"  href=\"https:\/\/www.graesslin-kunststoffe.de\/fakuma-flammschutz-fire-abend\/\" title=\"Fakuma. Flammschutz. Fire-Abend.\"><\/a>\n<div id=\"greyd-69afcf026381f\" class=\"wp-block-greyd-box gs_F2LsJ2 greyd-content-box gs_F2LsJ2 flex-justify-space-between\">\n<div id=\"greyd-69afcf0263637\" class=\"wp-block-greyd-box dyn gs_E6ZZgU greyd-content-box gs_E6ZZgU has-background\"><div id='bg_69afcf0263327' class='greyd-background'>\n\t\t\t\t\t\t\t\t<div class='bg_image'  data-srcset='{\"150\":\"https:\\\/\\\/www.graesslin-kunststoffe.de\\\/wp-content\\\/uploads\\\/sites\\\/5\\\/2023\\\/09\\\/230901-graesslin-nl-head-150x150.jpeg\",\"300\":\"https:\\\/\\\/www.graesslin-kunststoffe.de\\\/wp-content\\\/uploads\\\/sites\\\/5\\\/2023\\\/09\\\/230901-graesslin-nl-head-300x169.jpeg\",\"768\":\"https:\\\/\\\/www.graesslin-kunststoffe.de\\\/wp-content\\\/uploads\\\/sites\\\/5\\\/2023\\\/09\\\/230901-graesslin-nl-head-768x432.jpeg\",\"1024\":\"https:\\\/\\\/www.graesslin-kunststoffe.de\\\/wp-content\\\/uploads\\\/sites\\\/5\\\/2023\\\/09\\\/230901-graesslin-nl-head-1024x576.jpeg\",\"full\":\"https:\\\/\\\/www.graesslin-kunststoffe.de\\\/wp-content\\\/uploads\\\/sites\\\/5\\\/2023\\\/09\\\/230901-graesslin-nl-head.jpeg\"}'><\/div>\n\t\t\t\t\t\t\t\t\n\t\t\t\t\t\t\t\t\n\t\t\t\t\t\t\t\t\n\t\t\t\t\t\t\t<\/div><\/div>\n\n\n\n<div class=\"wp-block-greyd-box aligncenter gs_gAETHe greyd-content-box gs_gAETHe flex-justify-center  is-position-absolute\"  data-anim-action=\"fadeIn\" data-anim-event=\"parentHover\" data-anim-triggered=\"false\" data-anim-from=\"opacity: 0;\" data-anim-to=\"opacity: 1;\" data-anim-parent=\".blog-cards-container\">\n<div class=\"wp-block-greyd-buttons aligncenter button-ohne-text\">\n<a  href=\"https:\/\/www.graesslin-kunststoffe.de\/fakuma-flammschutz-fire-abend\/\" title=\"Fakuma. Flammschutz. Fire-Abend.\" class=\"button  gs_hHARZp \"  data-anim-action=\"scale\" data-anim-event=\"parentHover\" data-anim-triggered=\"false\" data-anim-from=\"transform: scale(0.9);transform-origin: center center;\" data-anim-to=\"transform: scale(1);\" data-anim-id=\"anim-69afcf02637be\" data-anim-parent=\".blog-cards-container\"><span style=\"flex:1\"><\/span><span class=\"arrow_carrot-right\" style=\"vertical-align:middle;font-size:100%;margin-left:10px\" aria-hidden=\"true\"><\/span><\/a><style class=\"greyd-styles\">.gs_hHARZp { background: #ed7e00c4 !important; border-radius: 50px !important; border-top: 0px none var(--wp--preset--color--foreground) !important; border-right: 0px none var(--wp--preset--color--foreground) !important; border-bottom: 0px none var(--wp--preset--color--foreground) !important; border-left: 0px none var(--wp--preset--color--foreground) !important; padding-top: var(--wp--preset--spacing--small) !important; padding-right: var(--wp--preset--spacing--small) !important; padding-bottom: var(--wp--preset--spacing--small) !important; padding-left: var(--wp--preset--spacing--small) !important; } <\/style>\n<\/div>\n<\/div>\n<\/div>\n\n\n\n<div class=\"wp-block-group has-global-padding is-layout-constrained wp-container-core-group-is-layout-19e250f3 wp-block-group-is-layout-constrained\">\n<h3 class=\"wp-block-heading dyn\" style=\"text-transform:none\"><span data-tag=\"title\" data-params=\"&quot;&quot;\" class=\"is-tag\">Beitragstitel<\/span><\/h3>\n\n\n\n<p class=\"dyn\"><span data-tag=\"date\" data-params=\"&quot;&quot;\" class=\"is-tag\">Beitragsdatum<\/span><\/p>\n<\/div>\n\n\n<div class=\"wp-block-post-excerpt\"><p class=\"wp-block-post-excerpt__excerpt\">Auf der FAKUMA in Friedrichshafen vom 17. bis 21.10.2023 sind&hellip; <\/p><\/div><\/div>\n<\/article><article class='query-post wp-block-post post-3195 post type-post status-publish format-standard has-post-thumbnail hentry category-news' data-post='3195'data-title='wir bleiben non fire'data-date='2023-08-08 16:01:00'data-postviews='0'data-index='27'>\n<div class=\"wp-block-group blog-cards-container has-global-padding is-layout-constrained wp-container-core-group-is-layout-f5f3bcb8 wp-block-group-is-layout-constrained gs_LNtDUO has-trigger group_wrap\"><a class=\"hidden-trigger-link\"  href=\"https:\/\/www.graesslin-kunststoffe.de\/wir-bleiben-non-fire\/\" title=\"Wir bleiben [n]on fire!\"><\/a>\n<div id=\"greyd-69afcf0264062\" class=\"wp-block-greyd-box gs_F2LsJ2 greyd-content-box gs_F2LsJ2 flex-justify-space-between\">\n<div id=\"greyd-69afcf0263e75\" class=\"wp-block-greyd-box dyn gs_E6ZZgU greyd-content-box gs_E6ZZgU has-background\"><div id='bg_69afcf0263bb5' class='greyd-background'>\n\t\t\t\t\t\t\t\t<div class='bg_image'  data-srcset='{\"150\":\"https:\\\/\\\/www.graesslin-kunststoffe.de\\\/wp-content\\\/uploads\\\/sites\\\/5\\\/2023\\\/08\\\/2023-graesslin-techday-1-2-150x150.jpg\",\"300\":\"https:\\\/\\\/www.graesslin-kunststoffe.de\\\/wp-content\\\/uploads\\\/sites\\\/5\\\/2023\\\/08\\\/2023-graesslin-techday-1-2-300x169.jpg\",\"768\":\"https:\\\/\\\/www.graesslin-kunststoffe.de\\\/wp-content\\\/uploads\\\/sites\\\/5\\\/2023\\\/08\\\/2023-graesslin-techday-1-2-768x432.jpg\",\"1024\":\"https:\\\/\\\/www.graesslin-kunststoffe.de\\\/wp-content\\\/uploads\\\/sites\\\/5\\\/2023\\\/08\\\/2023-graesslin-techday-1-2-1024x576.jpg\",\"full\":\"https:\\\/\\\/www.graesslin-kunststoffe.de\\\/wp-content\\\/uploads\\\/sites\\\/5\\\/2023\\\/08\\\/2023-graesslin-techday-1-2.jpg\"}'><\/div>\n\t\t\t\t\t\t\t\t\n\t\t\t\t\t\t\t\t\n\t\t\t\t\t\t\t\t\n\t\t\t\t\t\t\t<\/div><\/div>\n\n\n\n<div class=\"wp-block-greyd-box aligncenter gs_gAETHe greyd-content-box gs_gAETHe flex-justify-center  is-position-absolute\"  data-anim-action=\"fadeIn\" data-anim-event=\"parentHover\" data-anim-triggered=\"false\" data-anim-from=\"opacity: 0;\" data-anim-to=\"opacity: 1;\" data-anim-parent=\".blog-cards-container\">\n<div class=\"wp-block-greyd-buttons aligncenter button-ohne-text\">\n<a  href=\"https:\/\/www.graesslin-kunststoffe.de\/wir-bleiben-non-fire\/\" title=\"Wir bleiben [n]on fire!\" class=\"button  gs_hHARZp \"  data-anim-action=\"scale\" data-anim-event=\"parentHover\" data-anim-triggered=\"false\" data-anim-from=\"transform: scale(0.9);transform-origin: center center;\" data-anim-to=\"transform: scale(1);\" data-anim-id=\"anim-69afcf0264000\" data-anim-parent=\".blog-cards-container\"><span style=\"flex:1\"><\/span><span class=\"arrow_carrot-right\" style=\"vertical-align:middle;font-size:100%;margin-left:10px\" aria-hidden=\"true\"><\/span><\/a><style class=\"greyd-styles\">.gs_hHARZp { background: #ed7e00c4 !important; border-radius: 50px !important; border-top: 0px none var(--wp--preset--color--foreground) !important; border-right: 0px none var(--wp--preset--color--foreground) !important; border-bottom: 0px none var(--wp--preset--color--foreground) !important; border-left: 0px none var(--wp--preset--color--foreground) !important; padding-top: var(--wp--preset--spacing--small) !important; padding-right: var(--wp--preset--spacing--small) !important; padding-bottom: var(--wp--preset--spacing--small) !important; padding-left: var(--wp--preset--spacing--small) !important; } <\/style>\n<\/div>\n<\/div>\n<\/div>\n\n\n\n<div class=\"wp-block-group has-global-padding is-layout-constrained wp-container-core-group-is-layout-19e250f3 wp-block-group-is-layout-constrained\">\n<h3 class=\"wp-block-heading dyn\" style=\"text-transform:none\"><span data-tag=\"title\" data-params=\"&quot;&quot;\" class=\"is-tag\">Beitragstitel<\/span><\/h3>\n\n\n\n<p class=\"dyn\"><span data-tag=\"date\" data-params=\"&quot;&quot;\" class=\"is-tag\">Beitragsdatum<\/span><\/p>\n<\/div>\n\n\n<div class=\"wp-block-post-excerpt\"><p class=\"wp-block-post-excerpt__excerpt\">Das war der Gr\u00e4sslin Technologie Tag 2023 Der Gr\u00e4sslin Technologie&hellip; <\/p><\/div><\/div>\n<\/article><\/div><div class='query-page' data-page='4'><article class='query-post wp-block-post post-3188 post type-post status-publish format-standard has-post-thumbnail hentry category-news' data-post='3188'data-title='ecoflammschutz fr emobilitt'data-date='2023-06-23 15:51:00'data-postviews='0'data-index='28'>\n<div class=\"wp-block-group blog-cards-container has-global-padding is-layout-constrained wp-container-core-group-is-layout-f5f3bcb8 wp-block-group-is-layout-constrained gs_LNtDUO has-trigger group_wrap\"><a class=\"hidden-trigger-link\"  href=\"https:\/\/www.graesslin-kunststoffe.de\/eco-flammschutz-fuer-e-mobilitaet\/\" title=\"ECO-Flammschutz f\u00fcr E-Mobilit\u00e4t\"><\/a>\n<div id=\"greyd-69afcf0264896\" class=\"wp-block-greyd-box gs_F2LsJ2 greyd-content-box gs_F2LsJ2 flex-justify-space-between\">\n<div id=\"greyd-69afcf02646aa\" class=\"wp-block-greyd-box dyn gs_E6ZZgU greyd-content-box gs_E6ZZgU has-background\"><div id='bg_69afcf0264400' class='greyd-background'>\n\t\t\t\t\t\t\t\t<div class='bg_image'  data-srcset='{\"150\":\"https:\\\/\\\/www.graesslin-kunststoffe.de\\\/wp-content\\\/uploads\\\/sites\\\/5\\\/2023\\\/06\\\/charging-station-5212924-960-720-150x150.jpg\",\"300\":\"https:\\\/\\\/www.graesslin-kunststoffe.de\\\/wp-content\\\/uploads\\\/sites\\\/5\\\/2023\\\/06\\\/charging-station-5212924-960-720-300x200.jpg\",\"768\":\"https:\\\/\\\/www.graesslin-kunststoffe.de\\\/wp-content\\\/uploads\\\/sites\\\/5\\\/2023\\\/06\\\/charging-station-5212924-960-720-768x512.jpg\",\"full\":\"https:\\\/\\\/www.graesslin-kunststoffe.de\\\/wp-content\\\/uploads\\\/sites\\\/5\\\/2023\\\/06\\\/charging-station-5212924-960-720.jpg\"}'><\/div>\n\t\t\t\t\t\t\t\t\n\t\t\t\t\t\t\t\t\n\t\t\t\t\t\t\t\t\n\t\t\t\t\t\t\t<\/div><\/div>\n\n\n\n<div class=\"wp-block-greyd-box aligncenter gs_gAETHe greyd-content-box gs_gAETHe flex-justify-center  is-position-absolute\"  data-anim-action=\"fadeIn\" data-anim-event=\"parentHover\" data-anim-triggered=\"false\" data-anim-from=\"opacity: 0;\" data-anim-to=\"opacity: 1;\" data-anim-parent=\".blog-cards-container\">\n<div class=\"wp-block-greyd-buttons aligncenter button-ohne-text\">\n<a  href=\"https:\/\/www.graesslin-kunststoffe.de\/eco-flammschutz-fuer-e-mobilitaet\/\" title=\"ECO-Flammschutz f\u00fcr E-Mobilit\u00e4t\" class=\"button  gs_hHARZp \"  data-anim-action=\"scale\" data-anim-event=\"parentHover\" data-anim-triggered=\"false\" data-anim-from=\"transform: scale(0.9);transform-origin: center center;\" data-anim-to=\"transform: scale(1);\" data-anim-id=\"anim-69afcf0264834\" data-anim-parent=\".blog-cards-container\"><span style=\"flex:1\"><\/span><span class=\"arrow_carrot-right\" style=\"vertical-align:middle;font-size:100%;margin-left:10px\" aria-hidden=\"true\"><\/span><\/a><style class=\"greyd-styles\">.gs_hHARZp { background: #ed7e00c4 !important; border-radius: 50px !important; border-top: 0px none var(--wp--preset--color--foreground) !important; border-right: 0px none var(--wp--preset--color--foreground) !important; border-bottom: 0px none var(--wp--preset--color--foreground) !important; border-left: 0px none var(--wp--preset--color--foreground) !important; padding-top: var(--wp--preset--spacing--small) !important; padding-right: var(--wp--preset--spacing--small) !important; padding-bottom: var(--wp--preset--spacing--small) !important; padding-left: var(--wp--preset--spacing--small) !important; } <\/style>\n<\/div>\n<\/div>\n<\/div>\n\n\n\n<div class=\"wp-block-group has-global-padding is-layout-constrained wp-container-core-group-is-layout-19e250f3 wp-block-group-is-layout-constrained\">\n<h3 class=\"wp-block-heading dyn\" style=\"text-transform:none\"><span data-tag=\"title\" data-params=\"&quot;&quot;\" class=\"is-tag\">Beitragstitel<\/span><\/h3>\n\n\n\n<p class=\"dyn\"><span data-tag=\"date\" data-params=\"&quot;&quot;\" class=\"is-tag\">Beitragsdatum<\/span><\/p>\n<\/div>\n\n\n<div class=\"wp-block-post-excerpt\"><p class=\"wp-block-post-excerpt__excerpt\">Gr\u00e4sslin Kunststoff-Vielfalt in ECO-Flammschutz f\u00fcr E-Mobilit\u00e4t Die E-Mobilit\u00e4t schreitet weiter&hellip; <\/p><\/div><\/div>\n<\/article><article class='query-post wp-block-post post-3176 post type-post status-publish format-standard has-post-thumbnail hentry category-news' data-post='3176'data-title='grsslin technologie tag 2023'data-date='2023-05-26 15:47:00'data-postviews='0'data-index='29'>\n<div class=\"wp-block-group blog-cards-container has-global-padding is-layout-constrained wp-container-core-group-is-layout-f5f3bcb8 wp-block-group-is-layout-constrained gs_LNtDUO has-trigger group_wrap\"><a class=\"hidden-trigger-link\"  href=\"https:\/\/www.graesslin-kunststoffe.de\/graesslin-technologie-tag-2023\/\" title=\"Gr\u00e4sslin Technologie Tag 2023\"><\/a>\n<div id=\"greyd-69afcf0265262\" class=\"wp-block-greyd-box gs_F2LsJ2 greyd-content-box gs_F2LsJ2 flex-justify-space-between\">\n<div id=\"greyd-69afcf0264f70\" class=\"wp-block-greyd-box dyn gs_E6ZZgU greyd-content-box gs_E6ZZgU has-background\"><div id='bg_69afcf0264c37' class='greyd-background'>\n\t\t\t\t\t\t\t\t<div class='bg_image'  data-srcset='{\"150\":\"https:\\\/\\\/www.graesslin-kunststoffe.de\\\/wp-content\\\/uploads\\\/sites\\\/5\\\/2023\\\/05\\\/230526-graesslin-technologietag-logos-150x150.png\",\"300\":\"https:\\\/\\\/www.graesslin-kunststoffe.de\\\/wp-content\\\/uploads\\\/sites\\\/5\\\/2023\\\/05\\\/230526-graesslin-technologietag-logos-300x78.png\",\"768\":\"https:\\\/\\\/www.graesslin-kunststoffe.de\\\/wp-content\\\/uploads\\\/sites\\\/5\\\/2023\\\/05\\\/230526-graesslin-technologietag-logos-768x198.png\",\"1024\":\"https:\\\/\\\/www.graesslin-kunststoffe.de\\\/wp-content\\\/uploads\\\/sites\\\/5\\\/2023\\\/05\\\/230526-graesslin-technologietag-logos-1024x265.png\",\"full\":\"https:\\\/\\\/www.graesslin-kunststoffe.de\\\/wp-content\\\/uploads\\\/sites\\\/5\\\/2023\\\/05\\\/230526-graesslin-technologietag-logos.png\"}'><\/div>\n\t\t\t\t\t\t\t\t\n\t\t\t\t\t\t\t\t\n\t\t\t\t\t\t\t\t\n\t\t\t\t\t\t\t<\/div><\/div>\n\n\n\n<div class=\"wp-block-greyd-box aligncenter gs_gAETHe greyd-content-box gs_gAETHe flex-justify-center  is-position-absolute\"  data-anim-action=\"fadeIn\" data-anim-event=\"parentHover\" data-anim-triggered=\"false\" data-anim-from=\"opacity: 0;\" data-anim-to=\"opacity: 1;\" data-anim-parent=\".blog-cards-container\">\n<div class=\"wp-block-greyd-buttons aligncenter button-ohne-text\">\n<a  href=\"https:\/\/www.graesslin-kunststoffe.de\/graesslin-technologie-tag-2023\/\" title=\"Gr\u00e4sslin Technologie Tag 2023\" class=\"button  gs_hHARZp \"  data-anim-action=\"scale\" data-anim-event=\"parentHover\" data-anim-triggered=\"false\" data-anim-from=\"transform: scale(0.9);transform-origin: center center;\" data-anim-to=\"transform: scale(1);\" data-anim-id=\"anim-69afcf02651f8\" data-anim-parent=\".blog-cards-container\"><span style=\"flex:1\"><\/span><span class=\"arrow_carrot-right\" style=\"vertical-align:middle;font-size:100%;margin-left:10px\" aria-hidden=\"true\"><\/span><\/a><style class=\"greyd-styles\">.gs_hHARZp { background: #ed7e00c4 !important; border-radius: 50px !important; border-top: 0px none var(--wp--preset--color--foreground) !important; border-right: 0px none var(--wp--preset--color--foreground) !important; border-bottom: 0px none var(--wp--preset--color--foreground) !important; border-left: 0px none var(--wp--preset--color--foreground) !important; padding-top: var(--wp--preset--spacing--small) !important; padding-right: var(--wp--preset--spacing--small) !important; padding-bottom: var(--wp--preset--spacing--small) !important; padding-left: var(--wp--preset--spacing--small) !important; } <\/style>\n<\/div>\n<\/div>\n<\/div>\n\n\n\n<div class=\"wp-block-group has-global-padding is-layout-constrained wp-container-core-group-is-layout-19e250f3 wp-block-group-is-layout-constrained\">\n<h3 class=\"wp-block-heading dyn\" style=\"text-transform:none\"><span data-tag=\"title\" data-params=\"&quot;&quot;\" class=\"is-tag\">Beitragstitel<\/span><\/h3>\n\n\n\n<p class=\"dyn\"><span data-tag=\"date\" data-params=\"&quot;&quot;\" class=\"is-tag\">Beitragsdatum<\/span><\/p>\n<\/div>\n\n\n<div class=\"wp-block-post-excerpt\"><p class=\"wp-block-post-excerpt__excerpt\">We are [n]on Fire \u2013 Flammschutz und Nachhaltigkeit im Fokus&hellip; <\/p><\/div><\/div>\n<\/article><article class='query-post wp-block-post post-3159 post type-post status-publish format-standard has-post-thumbnail hentry category-news' data-post='3159'data-title='iscc zertifizierung'data-date='2023-04-06 15:38:00'data-postviews='0'data-index='30'>\n<div class=\"wp-block-group blog-cards-container has-global-padding is-layout-constrained wp-container-core-group-is-layout-f5f3bcb8 wp-block-group-is-layout-constrained gs_LNtDUO has-trigger group_wrap\"><a class=\"hidden-trigger-link\"  href=\"https:\/\/www.graesslin-kunststoffe.de\/iscc-zertifizierung\/\" title=\"ISCC Zertifizierung\"><\/a>\n<div id=\"greyd-69afcf0265c76\" class=\"wp-block-greyd-box gs_F2LsJ2 greyd-content-box gs_F2LsJ2 flex-justify-space-between\">\n<div id=\"greyd-69afcf02659bc\" class=\"wp-block-greyd-box dyn gs_E6ZZgU greyd-content-box gs_E6ZZgU has-background\"><div id='bg_69afcf0265609' class='greyd-background'>\n\t\t\t\t\t\t\t\t<div class='bg_image'  data-srcset='{\"150\":\"https:\\\/\\\/www.graesslin-kunststoffe.de\\\/wp-content\\\/uploads\\\/sites\\\/5\\\/2023\\\/04\\\/340406-graesslin-iscc-e1726133837277-150x150.jpg\",\"300\":\"https:\\\/\\\/www.graesslin-kunststoffe.de\\\/wp-content\\\/uploads\\\/sites\\\/5\\\/2023\\\/04\\\/340406-graesslin-iscc-e1726133837277-300x221.jpg\",\"full\":\"https:\\\/\\\/www.graesslin-kunststoffe.de\\\/wp-content\\\/uploads\\\/sites\\\/5\\\/2023\\\/04\\\/340406-graesslin-iscc-e1726133837277.jpg\"}'><\/div>\n\t\t\t\t\t\t\t\t\n\t\t\t\t\t\t\t\t\n\t\t\t\t\t\t\t\t\n\t\t\t\t\t\t\t<\/div><\/div>\n\n\n\n<div class=\"wp-block-greyd-box aligncenter gs_gAETHe greyd-content-box gs_gAETHe flex-justify-center  is-position-absolute\"  data-anim-action=\"fadeIn\" data-anim-event=\"parentHover\" data-anim-triggered=\"false\" data-anim-from=\"opacity: 0;\" data-anim-to=\"opacity: 1;\" data-anim-parent=\".blog-cards-container\">\n<div class=\"wp-block-greyd-buttons aligncenter button-ohne-text\">\n<a  href=\"https:\/\/www.graesslin-kunststoffe.de\/iscc-zertifizierung\/\" title=\"ISCC Zertifizierung\" class=\"button  gs_hHARZp \"  data-anim-action=\"scale\" data-anim-event=\"parentHover\" data-anim-triggered=\"false\" data-anim-from=\"transform: scale(0.9);transform-origin: center center;\" data-anim-to=\"transform: scale(1);\" data-anim-id=\"anim-69afcf0265c0c\" data-anim-parent=\".blog-cards-container\"><span style=\"flex:1\"><\/span><span class=\"arrow_carrot-right\" style=\"vertical-align:middle;font-size:100%;margin-left:10px\" aria-hidden=\"true\"><\/span><\/a><style class=\"greyd-styles\">.gs_hHARZp { background: #ed7e00c4 !important; border-radius: 50px !important; border-top: 0px none var(--wp--preset--color--foreground) !important; border-right: 0px none var(--wp--preset--color--foreground) !important; border-bottom: 0px none var(--wp--preset--color--foreground) !important; border-left: 0px none var(--wp--preset--color--foreground) !important; padding-top: var(--wp--preset--spacing--small) !important; padding-right: var(--wp--preset--spacing--small) !important; padding-bottom: var(--wp--preset--spacing--small) !important; padding-left: var(--wp--preset--spacing--small) !important; } <\/style>\n<\/div>\n<\/div>\n<\/div>\n\n\n\n<div class=\"wp-block-group has-global-padding is-layout-constrained wp-container-core-group-is-layout-19e250f3 wp-block-group-is-layout-constrained\">\n<h3 class=\"wp-block-heading dyn\" style=\"text-transform:none\"><span data-tag=\"title\" data-params=\"&quot;&quot;\" class=\"is-tag\">Beitragstitel<\/span><\/h3>\n\n\n\n<p class=\"dyn\"><span data-tag=\"date\" data-params=\"&quot;&quot;\" class=\"is-tag\">Beitragsdatum<\/span><\/p>\n<\/div>\n\n\n<div class=\"wp-block-post-excerpt\"><p class=\"wp-block-post-excerpt__excerpt\">Ein gro\u00dfer Schritt f\u00fcr die Nachhaltigkeit: ISCC Zertifizierung f\u00fcr Gr\u00e4sslin&hellip; <\/p><\/div><\/div>\n<\/article><article class='query-post wp-block-post post-3149 post type-post status-publish format-standard has-post-thumbnail hentry category-news' data-post='3149'data-title='grsslin auf der kpa in ulm'data-date='2023-03-03 15:32:00'data-postviews='0'data-index='31'>\n<div class=\"wp-block-group blog-cards-container has-global-padding is-layout-constrained wp-container-core-group-is-layout-f5f3bcb8 wp-block-group-is-layout-constrained gs_LNtDUO has-trigger group_wrap\"><a class=\"hidden-trigger-link\"  href=\"https:\/\/www.graesslin-kunststoffe.de\/graesslin-auf-der-kpa-in-ulm\/\" title=\"Gr\u00e4sslin auf der KPA in Ulm\"><\/a>\n<div id=\"greyd-69afcf0266627\" class=\"wp-block-greyd-box gs_F2LsJ2 greyd-content-box gs_F2LsJ2 flex-justify-space-between\">\n<div id=\"greyd-69afcf026637f\" class=\"wp-block-greyd-box dyn gs_E6ZZgU greyd-content-box gs_E6ZZgU has-background\"><div id='bg_69afcf0266023' class='greyd-background'>\n\t\t\t\t\t\t\t\t<div class='bg_image'  data-srcset='{\"150\":\"https:\\\/\\\/www.graesslin-kunststoffe.de\\\/wp-content\\\/uploads\\\/sites\\\/5\\\/2023\\\/03\\\/eco-flammschutz-news-150x150.jpg\",\"300\":\"https:\\\/\\\/www.graesslin-kunststoffe.de\\\/wp-content\\\/uploads\\\/sites\\\/5\\\/2023\\\/03\\\/eco-flammschutz-news-300x225.jpg\",\"768\":\"https:\\\/\\\/www.graesslin-kunststoffe.de\\\/wp-content\\\/uploads\\\/sites\\\/5\\\/2023\\\/03\\\/eco-flammschutz-news-768x576.jpg\",\"1024\":\"https:\\\/\\\/www.graesslin-kunststoffe.de\\\/wp-content\\\/uploads\\\/sites\\\/5\\\/2023\\\/03\\\/eco-flammschutz-news-1024x768.jpg\",\"full\":\"https:\\\/\\\/www.graesslin-kunststoffe.de\\\/wp-content\\\/uploads\\\/sites\\\/5\\\/2023\\\/03\\\/eco-flammschutz-news.jpg\"}'><\/div>\n\t\t\t\t\t\t\t\t\n\t\t\t\t\t\t\t\t\n\t\t\t\t\t\t\t\t\n\t\t\t\t\t\t\t<\/div><\/div>\n\n\n\n<div class=\"wp-block-greyd-box aligncenter gs_gAETHe greyd-content-box gs_gAETHe flex-justify-center  is-position-absolute\"  data-anim-action=\"fadeIn\" data-anim-event=\"parentHover\" data-anim-triggered=\"false\" data-anim-from=\"opacity: 0;\" data-anim-to=\"opacity: 1;\" data-anim-parent=\".blog-cards-container\">\n<div class=\"wp-block-greyd-buttons aligncenter button-ohne-text\">\n<a  href=\"https:\/\/www.graesslin-kunststoffe.de\/graesslin-auf-der-kpa-in-ulm\/\" title=\"Gr\u00e4sslin auf der KPA in Ulm\" class=\"button  gs_hHARZp \"  data-anim-action=\"scale\" data-anim-event=\"parentHover\" data-anim-triggered=\"false\" data-anim-from=\"transform: scale(0.9);transform-origin: center center;\" data-anim-to=\"transform: scale(1);\" data-anim-id=\"anim-69afcf02665bd\" data-anim-parent=\".blog-cards-container\"><span style=\"flex:1\"><\/span><span class=\"arrow_carrot-right\" style=\"vertical-align:middle;font-size:100%;margin-left:10px\" aria-hidden=\"true\"><\/span><\/a><style class=\"greyd-styles\">.gs_hHARZp { background: #ed7e00c4 !important; border-radius: 50px !important; border-top: 0px none var(--wp--preset--color--foreground) !important; border-right: 0px none var(--wp--preset--color--foreground) !important; border-bottom: 0px none var(--wp--preset--color--foreground) !important; border-left: 0px none var(--wp--preset--color--foreground) !important; padding-top: var(--wp--preset--spacing--small) !important; padding-right: var(--wp--preset--spacing--small) !important; padding-bottom: var(--wp--preset--spacing--small) !important; padding-left: var(--wp--preset--spacing--small) !important; } <\/style>\n<\/div>\n<\/div>\n<\/div>\n\n\n\n<div class=\"wp-block-group has-global-padding is-layout-constrained wp-container-core-group-is-layout-19e250f3 wp-block-group-is-layout-constrained\">\n<h3 class=\"wp-block-heading dyn\" style=\"text-transform:none\"><span data-tag=\"title\" data-params=\"&quot;&quot;\" class=\"is-tag\">Beitragstitel<\/span><\/h3>\n\n\n\n<p class=\"dyn\"><span data-tag=\"date\" data-params=\"&quot;&quot;\" class=\"is-tag\">Beitragsdatum<\/span><\/p>\n<\/div>\n\n\n<div class=\"wp-block-post-excerpt\"><p class=\"wp-block-post-excerpt__excerpt\">Gr\u00e4sslin mit ECO-Flammschutz auf der KPA in Ulm Mehr als&hellip; <\/p><\/div><\/div>\n<\/article><article class='query-post wp-block-post post-3142 post type-post status-publish format-standard has-post-thumbnail hentry category-news' data-post='3142'data-title='sauberes trinkwasser'data-date='2023-02-28 15:27:00'data-postviews='0'data-index='32'>\n<div class=\"wp-block-group blog-cards-container has-global-padding is-layout-constrained wp-container-core-group-is-layout-f5f3bcb8 wp-block-group-is-layout-constrained gs_LNtDUO has-trigger group_wrap\"><a class=\"hidden-trigger-link\"  href=\"https:\/\/www.graesslin-kunststoffe.de\/sauberes-trinkwasser\/\" title=\"Sauberes Trinkwasser\"><\/a>\n<div id=\"greyd-69afcf0266e8a\" class=\"wp-block-greyd-box gs_F2LsJ2 greyd-content-box gs_F2LsJ2 flex-justify-space-between\">\n<div id=\"greyd-69afcf0266c97\" class=\"wp-block-greyd-box dyn gs_E6ZZgU greyd-content-box gs_E6ZZgU has-background\"><div id='bg_69afcf02669ce' class='greyd-background'>\n\t\t\t\t\t\t\t\t<div class='bg_image'  data-srcset='{\"150\":\"https:\\\/\\\/www.graesslin-kunststoffe.de\\\/wp-content\\\/uploads\\\/sites\\\/5\\\/2023\\\/02\\\/220313-module-exploded-ohne-schatten-150x150.jpg\",\"300\":\"https:\\\/\\\/www.graesslin-kunststoffe.de\\\/wp-content\\\/uploads\\\/sites\\\/5\\\/2023\\\/02\\\/220313-module-exploded-ohne-schatten-300x165.jpg\",\"768\":\"https:\\\/\\\/www.graesslin-kunststoffe.de\\\/wp-content\\\/uploads\\\/sites\\\/5\\\/2023\\\/02\\\/220313-module-exploded-ohne-schatten-768x422.jpg\",\"1024\":\"https:\\\/\\\/www.graesslin-kunststoffe.de\\\/wp-content\\\/uploads\\\/sites\\\/5\\\/2023\\\/02\\\/220313-module-exploded-ohne-schatten-1024x563.jpg\",\"full\":\"https:\\\/\\\/www.graesslin-kunststoffe.de\\\/wp-content\\\/uploads\\\/sites\\\/5\\\/2023\\\/02\\\/220313-module-exploded-ohne-schatten.jpg\"}'><\/div>\n\t\t\t\t\t\t\t\t\n\t\t\t\t\t\t\t\t\n\t\t\t\t\t\t\t\t\n\t\t\t\t\t\t\t<\/div><\/div>\n\n\n\n<div class=\"wp-block-greyd-box aligncenter gs_gAETHe greyd-content-box gs_gAETHe flex-justify-center  is-position-absolute\"  data-anim-action=\"fadeIn\" data-anim-event=\"parentHover\" data-anim-triggered=\"false\" data-anim-from=\"opacity: 0;\" data-anim-to=\"opacity: 1;\" data-anim-parent=\".blog-cards-container\">\n<div class=\"wp-block-greyd-buttons aligncenter button-ohne-text\">\n<a  href=\"https:\/\/www.graesslin-kunststoffe.de\/sauberes-trinkwasser\/\" title=\"Sauberes Trinkwasser\" class=\"button  gs_hHARZp \"  data-anim-action=\"scale\" data-anim-event=\"parentHover\" data-anim-triggered=\"false\" data-anim-from=\"transform: scale(0.9);transform-origin: center center;\" data-anim-to=\"transform: scale(1);\" data-anim-id=\"anim-69afcf0266e27\" data-anim-parent=\".blog-cards-container\"><span style=\"flex:1\"><\/span><span class=\"arrow_carrot-right\" style=\"vertical-align:middle;font-size:100%;margin-left:10px\" aria-hidden=\"true\"><\/span><\/a><style class=\"greyd-styles\">.gs_hHARZp { background: #ed7e00c4 !important; border-radius: 50px !important; border-top: 0px none var(--wp--preset--color--foreground) !important; border-right: 0px none var(--wp--preset--color--foreground) !important; border-bottom: 0px none var(--wp--preset--color--foreground) !important; border-left: 0px none var(--wp--preset--color--foreground) !important; padding-top: var(--wp--preset--spacing--small) !important; padding-right: var(--wp--preset--spacing--small) !important; padding-bottom: var(--wp--preset--spacing--small) !important; padding-left: var(--wp--preset--spacing--small) !important; } <\/style>\n<\/div>\n<\/div>\n<\/div>\n\n\n\n<div class=\"wp-block-group has-global-padding is-layout-constrained wp-container-core-group-is-layout-19e250f3 wp-block-group-is-layout-constrained\">\n<h3 class=\"wp-block-heading dyn\" style=\"text-transform:none\"><span data-tag=\"title\" data-params=\"&quot;&quot;\" class=\"is-tag\">Beitragstitel<\/span><\/h3>\n\n\n\n<p class=\"dyn\"><span data-tag=\"date\" data-params=\"&quot;&quot;\" class=\"is-tag\">Beitragsdatum<\/span><\/p>\n<\/div>\n\n\n<div class=\"wp-block-post-excerpt\"><p class=\"wp-block-post-excerpt__excerpt\">Sauberes Trinkwasser dank Hochleistungskunststoff NORYLTM Gr\u00e4sslin Kunststoffe f\u00fcr CERAFILTEC-Wasserfilter: NORYLTM&hellip; <\/p><\/div><\/div>\n<\/article><article class='query-post wp-block-post post-3128 post type-post status-publish format-standard has-post-thumbnail hentry category-news' data-post='3128'data-title='distribution in benelux'data-date='2023-01-30 15:15:00'data-postviews='0'data-index='33'>\n<div class=\"wp-block-group blog-cards-container has-global-padding is-layout-constrained wp-container-core-group-is-layout-f5f3bcb8 wp-block-group-is-layout-constrained gs_LNtDUO has-trigger group_wrap\"><a class=\"hidden-trigger-link\"  href=\"https:\/\/www.graesslin-kunststoffe.de\/distribution-in-benelux\/\" title=\"Distribution in Benelux\"><\/a>\n<div id=\"greyd-69afcf02676ae\" class=\"wp-block-greyd-box gs_F2LsJ2 greyd-content-box gs_F2LsJ2 flex-justify-space-between\">\n<div id=\"greyd-69afcf02674c4\" class=\"wp-block-greyd-box dyn gs_E6ZZgU greyd-content-box gs_E6ZZgU has-background\"><div id='bg_69afcf026721e' class='greyd-background'>\n\t\t\t\t\t\t\t\t<div class='bg_image'  data-srcset='{\"150\":\"https:\\\/\\\/www.graesslin-kunststoffe.de\\\/wp-content\\\/uploads\\\/sites\\\/5\\\/2023\\\/01\\\/hgmag-map-2023-benelux-neu-150x150.jpg\",\"300\":\"https:\\\/\\\/www.graesslin-kunststoffe.de\\\/wp-content\\\/uploads\\\/sites\\\/5\\\/2023\\\/01\\\/hgmag-map-2023-benelux-neu-300x201.jpg\",\"768\":\"https:\\\/\\\/www.graesslin-kunststoffe.de\\\/wp-content\\\/uploads\\\/sites\\\/5\\\/2023\\\/01\\\/hgmag-map-2023-benelux-neu-768x514.jpg\",\"full\":\"https:\\\/\\\/www.graesslin-kunststoffe.de\\\/wp-content\\\/uploads\\\/sites\\\/5\\\/2023\\\/01\\\/hgmag-map-2023-benelux-neu.jpg\"}'><\/div>\n\t\t\t\t\t\t\t\t\n\t\t\t\t\t\t\t\t\n\t\t\t\t\t\t\t\t\n\t\t\t\t\t\t\t<\/div><\/div>\n\n\n\n<div class=\"wp-block-greyd-box aligncenter gs_gAETHe greyd-content-box gs_gAETHe flex-justify-center  is-position-absolute\"  data-anim-action=\"fadeIn\" data-anim-event=\"parentHover\" data-anim-triggered=\"false\" data-anim-from=\"opacity: 0;\" data-anim-to=\"opacity: 1;\" data-anim-parent=\".blog-cards-container\">\n<div class=\"wp-block-greyd-buttons aligncenter button-ohne-text\">\n<a  href=\"https:\/\/www.graesslin-kunststoffe.de\/distribution-in-benelux\/\" title=\"Distribution in Benelux\" class=\"button  gs_hHARZp \"  data-anim-action=\"scale\" data-anim-event=\"parentHover\" data-anim-triggered=\"false\" data-anim-from=\"transform: scale(0.9);transform-origin: center center;\" data-anim-to=\"transform: scale(1);\" data-anim-id=\"anim-69afcf026764c\" data-anim-parent=\".blog-cards-container\"><span style=\"flex:1\"><\/span><span class=\"arrow_carrot-right\" style=\"vertical-align:middle;font-size:100%;margin-left:10px\" aria-hidden=\"true\"><\/span><\/a><style class=\"greyd-styles\">.gs_hHARZp { background: #ed7e00c4 !important; border-radius: 50px !important; border-top: 0px none var(--wp--preset--color--foreground) !important; border-right: 0px none var(--wp--preset--color--foreground) !important; border-bottom: 0px none var(--wp--preset--color--foreground) !important; border-left: 0px none var(--wp--preset--color--foreground) !important; padding-top: var(--wp--preset--spacing--small) !important; padding-right: var(--wp--preset--spacing--small) !important; padding-bottom: var(--wp--preset--spacing--small) !important; padding-left: var(--wp--preset--spacing--small) !important; } <\/style>\n<\/div>\n<\/div>\n<\/div>\n\n\n\n<div class=\"wp-block-group has-global-padding is-layout-constrained wp-container-core-group-is-layout-19e250f3 wp-block-group-is-layout-constrained\">\n<h3 class=\"wp-block-heading dyn\" style=\"text-transform:none\"><span data-tag=\"title\" data-params=\"&quot;&quot;\" class=\"is-tag\">Beitragstitel<\/span><\/h3>\n\n\n\n<p class=\"dyn\"><span data-tag=\"date\" data-params=\"&quot;&quot;\" class=\"is-tag\">Beitragsdatum<\/span><\/p>\n<\/div>\n\n\n<div class=\"wp-block-post-excerpt\"><p class=\"wp-block-post-excerpt__excerpt\">Drei L\u00e4nder, ein Distributor: Gr\u00e4sslin Kunststoffe. Ab sofort \u00fcbernehmen wir&hellip; <\/p><\/div><\/div>\n<\/article><article class='query-post wp-block-post post-3110 post type-post status-publish format-standard has-post-thumbnail hentry category-news' data-post='3110'data-title='angewandte kunststofftechnik'data-date='2023-01-20 14:50:00'data-postviews='0'data-index='34'>\n<div class=\"wp-block-group blog-cards-container has-global-padding is-layout-constrained wp-container-core-group-is-layout-f5f3bcb8 wp-block-group-is-layout-constrained gs_LNtDUO has-trigger group_wrap\"><a class=\"hidden-trigger-link\"  href=\"https:\/\/www.graesslin-kunststoffe.de\/angewandte-kunststofftechnik\/\" title=\"Angewandte Kunststofftechnik\"><\/a>\n<div id=\"greyd-69afcf0267ef6\" class=\"wp-block-greyd-box gs_F2LsJ2 greyd-content-box gs_F2LsJ2 flex-justify-space-between\">\n<div id=\"greyd-69afcf0267cf2\" class=\"wp-block-greyd-box dyn gs_E6ZZgU greyd-content-box gs_E6ZZgU has-background\"><div id='bg_69afcf0267a42' class='greyd-background'>\n\t\t\t\t\t\t\t\t<div class='bg_image'  data-srcset='{\"150\":\"https:\\\/\\\/www.graesslin-kunststoffe.de\\\/wp-content\\\/uploads\\\/sites\\\/5\\\/2023\\\/01\\\/reco-schwarz-blau-3-150x150.jpg\",\"300\":\"https:\\\/\\\/www.graesslin-kunststoffe.de\\\/wp-content\\\/uploads\\\/sites\\\/5\\\/2023\\\/01\\\/reco-schwarz-blau-3-300x170.jpg\",\"768\":\"https:\\\/\\\/www.graesslin-kunststoffe.de\\\/wp-content\\\/uploads\\\/sites\\\/5\\\/2023\\\/01\\\/reco-schwarz-blau-3-768x435.jpg\",\"full\":\"https:\\\/\\\/www.graesslin-kunststoffe.de\\\/wp-content\\\/uploads\\\/sites\\\/5\\\/2023\\\/01\\\/reco-schwarz-blau-3.jpg\"}'><\/div>\n\t\t\t\t\t\t\t\t\n\t\t\t\t\t\t\t\t\n\t\t\t\t\t\t\t\t\n\t\t\t\t\t\t\t<\/div><\/div>\n\n\n\n<div class=\"wp-block-greyd-box aligncenter gs_gAETHe greyd-content-box gs_gAETHe flex-justify-center  is-position-absolute\"  data-anim-action=\"fadeIn\" data-anim-event=\"parentHover\" data-anim-triggered=\"false\" data-anim-from=\"opacity: 0;\" data-anim-to=\"opacity: 1;\" data-anim-parent=\".blog-cards-container\">\n<div class=\"wp-block-greyd-buttons aligncenter button-ohne-text\">\n<a  href=\"https:\/\/www.graesslin-kunststoffe.de\/angewandte-kunststofftechnik\/\" title=\"Angewandte Kunststofftechnik\" class=\"button  gs_hHARZp \"  data-anim-action=\"scale\" data-anim-event=\"parentHover\" data-anim-triggered=\"false\" data-anim-from=\"transform: scale(0.9);transform-origin: center center;\" data-anim-to=\"transform: scale(1);\" data-anim-id=\"anim-69afcf0267e8c\" data-anim-parent=\".blog-cards-container\"><span style=\"flex:1\"><\/span><span class=\"arrow_carrot-right\" style=\"vertical-align:middle;font-size:100%;margin-left:10px\" aria-hidden=\"true\"><\/span><\/a><style class=\"greyd-styles\">.gs_hHARZp { background: #ed7e00c4 !important; border-radius: 50px !important; border-top: 0px none var(--wp--preset--color--foreground) !important; border-right: 0px none var(--wp--preset--color--foreground) !important; border-bottom: 0px none var(--wp--preset--color--foreground) !important; border-left: 0px none var(--wp--preset--color--foreground) !important; padding-top: var(--wp--preset--spacing--small) !important; padding-right: var(--wp--preset--spacing--small) !important; padding-bottom: var(--wp--preset--spacing--small) !important; padding-left: var(--wp--preset--spacing--small) !important; } <\/style>\n<\/div>\n<\/div>\n<\/div>\n\n\n\n<div class=\"wp-block-group has-global-padding is-layout-constrained wp-container-core-group-is-layout-19e250f3 wp-block-group-is-layout-constrained\">\n<h3 class=\"wp-block-heading dyn\" style=\"text-transform:none\"><span data-tag=\"title\" data-params=\"&quot;&quot;\" class=\"is-tag\">Beitragstitel<\/span><\/h3>\n\n\n\n<p class=\"dyn\"><span data-tag=\"date\" data-params=\"&quot;&quot;\" class=\"is-tag\">Beitragsdatum<\/span><\/p>\n<\/div>\n\n\n<div class=\"wp-block-post-excerpt\"><p class=\"wp-block-post-excerpt__excerpt\">Der erste Druckkugelschreiber, der mit dem weltweit bekanntesten Umweltzeichen Blauer&hellip; <\/p><\/div><\/div>\n<\/article><article class='query-post wp-block-post post-3057 post type-post status-publish format-standard has-post-thumbnail hentry category-news' data-post='3057'data-title='grsslin kunststoffe auf der kmesse'data-date='2022-10-06 14:01:00'data-postviews='0'data-index='35'>\n<div class=\"wp-block-group blog-cards-container has-global-padding is-layout-constrained wp-container-core-group-is-layout-f5f3bcb8 wp-block-group-is-layout-constrained gs_LNtDUO has-trigger group_wrap\"><a class=\"hidden-trigger-link\"  href=\"https:\/\/www.graesslin-kunststoffe.de\/graesslin-kunststoffe-auf-der-k-messe\/\" title=\"Gr\u00e4sslin Kunststoffe auf der K-Messe\"><\/a>\n<div id=\"greyd-69afcf026871f\" class=\"wp-block-greyd-box gs_F2LsJ2 greyd-content-box gs_F2LsJ2 flex-justify-space-between\">\n<div id=\"greyd-69afcf0268532\" class=\"wp-block-greyd-box dyn gs_E6ZZgU greyd-content-box gs_E6ZZgU has-background\"><div id='bg_69afcf026828e' class='greyd-background'>\n\t\t\t\t\t\t\t\t<div class='bg_image'  data-srcset='{\"150\":\"https:\\\/\\\/www.graesslin-kunststoffe.de\\\/wp-content\\\/uploads\\\/sites\\\/5\\\/2022\\\/10\\\/k-messe-150x150.png\",\"300\":\"https:\\\/\\\/www.graesslin-kunststoffe.de\\\/wp-content\\\/uploads\\\/sites\\\/5\\\/2022\\\/10\\\/k-messe-300x170.png\",\"768\":\"https:\\\/\\\/www.graesslin-kunststoffe.de\\\/wp-content\\\/uploads\\\/sites\\\/5\\\/2022\\\/10\\\/k-messe-768x435.png\",\"full\":\"https:\\\/\\\/www.graesslin-kunststoffe.de\\\/wp-content\\\/uploads\\\/sites\\\/5\\\/2022\\\/10\\\/k-messe.png\"}'><\/div>\n\t\t\t\t\t\t\t\t\n\t\t\t\t\t\t\t\t\n\t\t\t\t\t\t\t\t\n\t\t\t\t\t\t\t<\/div><\/div>\n\n\n\n<div class=\"wp-block-greyd-box aligncenter gs_gAETHe greyd-content-box gs_gAETHe flex-justify-center  is-position-absolute\"  data-anim-action=\"fadeIn\" data-anim-event=\"parentHover\" data-anim-triggered=\"false\" data-anim-from=\"opacity: 0;\" data-anim-to=\"opacity: 1;\" data-anim-parent=\".blog-cards-container\">\n<div class=\"wp-block-greyd-buttons aligncenter button-ohne-text\">\n<a  href=\"https:\/\/www.graesslin-kunststoffe.de\/graesslin-kunststoffe-auf-der-k-messe\/\" title=\"Gr\u00e4sslin Kunststoffe auf der K-Messe\" class=\"button  gs_hHARZp \"  data-anim-action=\"scale\" data-anim-event=\"parentHover\" data-anim-triggered=\"false\" data-anim-from=\"transform: scale(0.9);transform-origin: center center;\" data-anim-to=\"transform: scale(1);\" data-anim-id=\"anim-69afcf02686bb\" data-anim-parent=\".blog-cards-container\"><span style=\"flex:1\"><\/span><span class=\"arrow_carrot-right\" style=\"vertical-align:middle;font-size:100%;margin-left:10px\" aria-hidden=\"true\"><\/span><\/a><style class=\"greyd-styles\">.gs_hHARZp { background: #ed7e00c4 !important; border-radius: 50px !important; border-top: 0px none var(--wp--preset--color--foreground) !important; border-right: 0px none var(--wp--preset--color--foreground) !important; border-bottom: 0px none var(--wp--preset--color--foreground) !important; border-left: 0px none var(--wp--preset--color--foreground) !important; padding-top: var(--wp--preset--spacing--small) !important; padding-right: var(--wp--preset--spacing--small) !important; padding-bottom: var(--wp--preset--spacing--small) !important; padding-left: var(--wp--preset--spacing--small) !important; } <\/style>\n<\/div>\n<\/div>\n<\/div>\n\n\n\n<div class=\"wp-block-group has-global-padding is-layout-constrained wp-container-core-group-is-layout-19e250f3 wp-block-group-is-layout-constrained\">\n<h3 class=\"wp-block-heading dyn\" style=\"text-transform:none\"><span data-tag=\"title\" data-params=\"&quot;&quot;\" class=\"is-tag\">Beitragstitel<\/span><\/h3>\n\n\n\n<p class=\"dyn\"><span data-tag=\"date\" data-params=\"&quot;&quot;\" class=\"is-tag\">Beitragsdatum<\/span><\/p>\n<\/div>\n\n\n<div class=\"wp-block-post-excerpt\"><p class=\"wp-block-post-excerpt__excerpt\">Oftmals sind es die scheinbar kleinen Dinge, die Prozesse optimieren,&hellip; <\/p><\/div><\/div>\n<\/article><\/div><\/div><div  class=\"gs_ii9cEK pagination pgn numbers bottom\"><span class='pgn_numbers'  data-iconnormal=\"icon_stop\" data-iconactive=\"icon_box-empty\"><a  tabindex=\"0\" role=\"button\" href=\"javascript:void(0)\" onclick=\"(greyd &amp;&amp; greyd?.query?.slider?.onPaginateClick(event,this,&quot;1&quot;))\" data-pagelink=\"1\" aria-label=\"Gehe zur Seite 1\"><span class='pgn_number pgn_current icon_box-empty'><\/span><\/a><a  tabindex=\"0\" role=\"button\" href=\"javascript:void(0)\" onclick=\"(greyd &amp;&amp; greyd?.query?.slider?.onPaginateClick(event,this,&quot;2&quot;))\" data-pagelink=\"2\" aria-label=\"Gehe zur Seite 2\"><span class='pgn_number icon_stop'><\/span><\/a><a  tabindex=\"0\" role=\"button\" href=\"javascript:void(0)\" onclick=\"(greyd &amp;&amp; greyd?.query?.slider?.onPaginateClick(event,this,&quot;3&quot;))\" data-pagelink=\"3\" aria-label=\"Gehe zur Seite 3\"><span class='pgn_number icon_stop'><\/span><\/a><a  tabindex=\"0\" role=\"button\" href=\"javascript:void(0)\" onclick=\"(greyd &amp;&amp; greyd?.query?.slider?.onPaginateClick(event,this,&quot;4&quot;))\" data-pagelink=\"4\" aria-label=\"Gehe zur Seite 4\"><span class='pgn_number icon_stop'><\/span><\/a><\/span><\/div><\/div><div class='loading_spinner_wrapper' style='display:none;'>\n\t\t\t<div class='loading_spinner'>\n\t\t\t\t<div><\/div> <div><\/div> <div><\/div> <div><\/div>\n\t\t\t<\/div>\n\t\t<\/div><\/div>\n<\/div>\n","protected":false},"excerpt":{"rendered":"","protected":false},"author":3,"featured_media":0,"parent":0,"menu_order":60,"comment_status":"closed","ping_status":"closed","template":"wp-custom-template-seite-ohne-video","meta":{"greyd_block_editor_preview":[],"footnotes":""},"class_list":["post-59","page","type-page","status-publish","hentry"],"_links":{"self":[{"href":"https:\/\/www.graesslin-kunststoffe.de\/wp-json\/wp\/v2\/pages\/59","targetHints":{"allow":["GET"]}}],"collection":[{"href":"https:\/\/www.graesslin-kunststoffe.de\/wp-json\/wp\/v2\/pages"}],"about":[{"href":"https:\/\/www.graesslin-kunststoffe.de\/wp-json\/wp\/v2\/types\/page"}],"author":[{"embeddable":true,"href":"https:\/\/www.graesslin-kunststoffe.de\/wp-json\/wp\/v2\/users\/3"}],"replies":[{"embeddable":true,"href":"https:\/\/www.graesslin-kunststoffe.de\/wp-json\/wp\/v2\/comments?post=59"}],"version-history":[{"count":7,"href":"https:\/\/www.graesslin-kunststoffe.de\/wp-json\/wp\/v2\/pages\/59\/revisions"}],"predecessor-version":[{"id":7028,"href":"https:\/\/www.graesslin-kunststoffe.de\/wp-json\/wp\/v2\/pages\/59\/revisions\/7028"}],"wp:attachment":[{"href":"https:\/\/www.graesslin-kunststoffe.de\/wp-json\/wp\/v2\/media?parent=59"}],"curies":[{"name":"wp","href":"https:\/\/api.w.org\/{rel}","templated":true}]}}